{"id":56,"date":"2021-03-18T15:18:50","date_gmt":"2021-03-18T14:18:50","guid":{"rendered":"http:\/\/n-cordes.com\/?page_id=56"},"modified":"2025-02-20T18:56:53","modified_gmt":"2025-02-20T17:56:53","slug":"hiver","status":"publish","type":"page","link":"https:\/\/en-cordes.com\/index.php\/hiver\/","title":{"rendered":"Hiver"},"content":{"rendered":"\n<h1 class=\"wp-block-heading has-text-align-center\">SKI<\/h1>\n\n\n\n<div class=\"wp-block-columns is-layout-flex wp-container-core-columns-is-layout-28f84493 wp-block-columns-is-layout-flex\">\n<div class=\"wp-block-column is-layout-flow wp-block-column-is-layout-flow\"><\/div>\n\n\n\n<div class=\"wp-block-column is-layout-flow wp-block-column-is-layout-flow\">\n<figure class=\"wp-block-image size-large\"><img loading=\"lazy\" decoding=\"async\" width=\"2560\" height=\"2560\" src=\"http:\/\/n-cordes.com\/wp-content\/uploads\/2021\/03\/mRENA3971-edited-1-scaled.jpg\" alt=\"\" class=\"wp-image-151\" srcset=\"https:\/\/en-cordes.com\/wp-content\/uploads\/2021\/03\/mRENA3971-edited-1-scaled.jpg 2560w, https:\/\/en-cordes.com\/wp-content\/uploads\/2021\/03\/mRENA3971-edited-1-300x300.jpg 300w, https:\/\/en-cordes.com\/wp-content\/uploads\/2021\/03\/mRENA3971-edited-1-scaled-100x100.jpg 100w, https:\/\/en-cordes.com\/wp-content\/uploads\/2021\/03\/mRENA3971-edited-1-scaled-600x600.jpg 600w, https:\/\/en-cordes.com\/wp-content\/uploads\/2021\/03\/mRENA3971-edited-1-1024x1024.jpg 1024w, https:\/\/en-cordes.com\/wp-content\/uploads\/2021\/03\/mRENA3971-edited-1-150x150.jpg 150w, https:\/\/en-cordes.com\/wp-content\/uploads\/2021\/03\/mRENA3971-edited-1-768x768.jpg 768w, https:\/\/en-cordes.com\/wp-content\/uploads\/2021\/03\/mRENA3971-edited-1-1536x1536.jpg 1536w, https:\/\/en-cordes.com\/wp-content\/uploads\/2021\/03\/mRENA3971-edited-1-2048x2048.jpg 2048w\" sizes=\"auto, (max-width: 2560px) 100vw, 2560px\" \/><\/figure>\n\n\n\n<h4 class=\"wp-block-heading has-text-align-center\">Ski Hors-Piste<\/h4>\n\n\n\n<p class=\"has-text-align-center\">Envie de poudreuse et sensations ? D\u00e9couvrez les Alpes et ses grands itin\u00e9raires<\/p>\n<\/div>\n\n\n\n<div class=\"wp-block-column is-layout-flow wp-block-column-is-layout-flow\">\n<figure class=\"wp-block-image size-large\"><img loading=\"lazy\" decoding=\"async\" width=\"2560\" height=\"2556\" src=\"http:\/\/n-cordes.com\/wp-content\/uploads\/2021\/03\/0L2A3614-1-edited-scaled.jpg\" alt=\"\" class=\"wp-image-171\" srcset=\"https:\/\/en-cordes.com\/wp-content\/uploads\/2021\/03\/0L2A3614-1-edited-scaled.jpg 2560w, https:\/\/en-cordes.com\/wp-content\/uploads\/2021\/03\/0L2A3614-1-edited-300x300.jpg 300w, https:\/\/en-cordes.com\/wp-content\/uploads\/2021\/03\/0L2A3614-1-edited-scaled-100x100.jpg 100w, https:\/\/en-cordes.com\/wp-content\/uploads\/2021\/03\/0L2A3614-1-edited-scaled-600x599.jpg 600w, https:\/\/en-cordes.com\/wp-content\/uploads\/2021\/03\/0L2A3614-1-edited-1024x1022.jpg 1024w, https:\/\/en-cordes.com\/wp-content\/uploads\/2021\/03\/0L2A3614-1-edited-150x150.jpg 150w, https:\/\/en-cordes.com\/wp-content\/uploads\/2021\/03\/0L2A3614-1-edited-768x767.jpg 768w, https:\/\/en-cordes.com\/wp-content\/uploads\/2021\/03\/0L2A3614-1-edited-1536x1534.jpg 1536w, https:\/\/en-cordes.com\/wp-content\/uploads\/2021\/03\/0L2A3614-1-edited-2048x2045.jpg 2048w\" sizes=\"auto, (max-width: 2560px) 100vw, 2560px\" \/><\/figure>\n\n\n\n<h4 class=\"wp-block-heading has-text-align-center\">Ski de Randonn\u00e9e<\/h4>\n\n\n\n<p>D\u00e8s sorties d&rsquo;initiation aux sorties de ski-alpinisme et free-rando, et toujours dans des cadres somptueux et sauvages<\/p>\n<\/div>\n\n\n\n<div class=\"wp-block-column is-layout-flow wp-block-column-is-layout-flow\">\n<figure class=\"wp-block-image size-large\"><img loading=\"lazy\" decoding=\"async\" width=\"2557\" height=\"2560\" src=\"http:\/\/n-cordes.com\/wp-content\/uploads\/2021\/03\/2021-03-05_080_Ski-Albaron-03437-Copyright-Clement-GARAFFA-edited-scaled.jpg\" alt=\"\" class=\"wp-image-153\" srcset=\"https:\/\/en-cordes.com\/wp-content\/uploads\/2021\/03\/2021-03-05_080_Ski-Albaron-03437-Copyright-Clement-GARAFFA-edited-scaled.jpg 2557w, https:\/\/en-cordes.com\/wp-content\/uploads\/2021\/03\/2021-03-05_080_Ski-Albaron-03437-Copyright-Clement-GARAFFA-edited-300x300.jpg 300w, https:\/\/en-cordes.com\/wp-content\/uploads\/2021\/03\/2021-03-05_080_Ski-Albaron-03437-Copyright-Clement-GARAFFA-edited-scaled-100x100.jpg 100w, https:\/\/en-cordes.com\/wp-content\/uploads\/2021\/03\/2021-03-05_080_Ski-Albaron-03437-Copyright-Clement-GARAFFA-edited-scaled-600x601.jpg 600w, https:\/\/en-cordes.com\/wp-content\/uploads\/2021\/03\/2021-03-05_080_Ski-Albaron-03437-Copyright-Clement-GARAFFA-edited-1024x1024.jpg 1024w, https:\/\/en-cordes.com\/wp-content\/uploads\/2021\/03\/2021-03-05_080_Ski-Albaron-03437-Copyright-Clement-GARAFFA-edited-150x150.jpg 150w, https:\/\/en-cordes.com\/wp-content\/uploads\/2021\/03\/2021-03-05_080_Ski-Albaron-03437-Copyright-Clement-GARAFFA-edited-768x769.jpg 768w, https:\/\/en-cordes.com\/wp-content\/uploads\/2021\/03\/2021-03-05_080_Ski-Albaron-03437-Copyright-Clement-GARAFFA-edited-1534x1536.jpg 1534w, https:\/\/en-cordes.com\/wp-content\/uploads\/2021\/03\/2021-03-05_080_Ski-Albaron-03437-Copyright-Clement-GARAFFA-edited-2045x2048.jpg 2045w\" sizes=\"auto, (max-width: 2557px) 100vw, 2557px\" \/><\/figure>\n\n\n\n<h4 class=\"wp-block-heading has-text-align-center\">Raids \u00e0 ski<\/h4>\n\n\n\n<p>Partir \u00e0 la d\u00e9couverte des massifs alpins skis aux pieds, de refuge en refuge<\/p>\n<\/div>\n\n\n\n<div class=\"wp-block-column is-layout-flow wp-block-column-is-layout-flow\"><\/div>\n<\/div>\n\n\n\n<div style=\"height:100px\" aria-hidden=\"true\" class=\"wp-block-spacer\"><\/div>\n\n\n\n<h1 class=\"wp-block-heading has-text-align-center\">AUTRES<\/h1>\n\n\n\n<div class=\"wp-block-columns is-layout-flex wp-container-core-columns-is-layout-28f84493 wp-block-columns-is-layout-flex\">\n<div class=\"wp-block-column is-layout-flow wp-block-column-is-layout-flow\"><\/div>\n\n\n\n<div class=\"wp-block-column is-layout-flow wp-block-column-is-layout-flow\">\n<figure class=\"wp-block-image size-large\"><img loading=\"lazy\" decoding=\"async\" width=\"2557\" height=\"2560\" src=\"http:\/\/n-cordes.com\/wp-content\/uploads\/2021\/03\/IMG_8889-Copie-edited-scaled.jpg\" alt=\"\" class=\"wp-image-161\" srcset=\"https:\/\/en-cordes.com\/wp-content\/uploads\/2021\/03\/IMG_8889-Copie-edited-scaled.jpg 2557w, https:\/\/en-cordes.com\/wp-content\/uploads\/2021\/03\/IMG_8889-Copie-edited-300x300.jpg 300w, https:\/\/en-cordes.com\/wp-content\/uploads\/2021\/03\/IMG_8889-Copie-edited-scaled-100x100.jpg 100w, https:\/\/en-cordes.com\/wp-content\/uploads\/2021\/03\/IMG_8889-Copie-edited-scaled-600x601.jpg 600w, https:\/\/en-cordes.com\/wp-content\/uploads\/2021\/03\/IMG_8889-Copie-edited-1024x1024.jpg 1024w, https:\/\/en-cordes.com\/wp-content\/uploads\/2021\/03\/IMG_8889-Copie-edited-150x150.jpg 150w, https:\/\/en-cordes.com\/wp-content\/uploads\/2021\/03\/IMG_8889-Copie-edited-768x769.jpg 768w, https:\/\/en-cordes.com\/wp-content\/uploads\/2021\/03\/IMG_8889-Copie-edited-1534x1536.jpg 1534w, https:\/\/en-cordes.com\/wp-content\/uploads\/2021\/03\/IMG_8889-Copie-edited-2046x2048.jpg 2046w\" sizes=\"auto, (max-width: 2557px) 100vw, 2557px\" \/><\/figure>\n\n\n\n<h4 class=\"wp-block-heading has-text-align-center\">\u00c9cole de Glace \/ mixte<\/h4>\n<\/div>\n\n\n\n<div class=\"wp-block-column is-layout-flow wp-block-column-is-layout-flow\">\n<figure class=\"wp-block-image size-large\"><img loading=\"lazy\" decoding=\"async\" width=\"2557\" height=\"2560\" src=\"http:\/\/n-cordes.com\/wp-content\/uploads\/2021\/03\/IMG_0237-edited-scaled.jpg\" alt=\"\" class=\"wp-image-162\" srcset=\"https:\/\/en-cordes.com\/wp-content\/uploads\/2021\/03\/IMG_0237-edited-scaled.jpg 2557w, https:\/\/en-cordes.com\/wp-content\/uploads\/2021\/03\/IMG_0237-edited-300x300.jpg 300w, https:\/\/en-cordes.com\/wp-content\/uploads\/2021\/03\/IMG_0237-edited-scaled-100x100.jpg 100w, https:\/\/en-cordes.com\/wp-content\/uploads\/2021\/03\/IMG_0237-edited-scaled-600x601.jpg 600w, https:\/\/en-cordes.com\/wp-content\/uploads\/2021\/03\/IMG_0237-edited-1024x1024.jpg 1024w, https:\/\/en-cordes.com\/wp-content\/uploads\/2021\/03\/IMG_0237-edited-150x150.jpg 150w, https:\/\/en-cordes.com\/wp-content\/uploads\/2021\/03\/IMG_0237-edited-768x769.jpg 768w, https:\/\/en-cordes.com\/wp-content\/uploads\/2021\/03\/IMG_0237-edited-1534x1536.jpg 1534w, https:\/\/en-cordes.com\/wp-content\/uploads\/2021\/03\/IMG_0237-edited-2046x2048.jpg 2046w\" sizes=\"auto, (max-width: 2557px) 100vw, 2557px\" \/><\/figure>\n\n\n\n<h4 class=\"wp-block-heading has-text-align-center\"><a href=\"https:\/\/en-cordes.com\/index.php\/formations-anena\/\" data-type=\"page\" data-id=\"898\">Formations neige\/avalanches<\/a><\/h4>\n\n\n\n<p class=\"has-text-align-center\">Formez-vous pour prendre les bonnes d\u00e9cisions et devenir autonomes. Je vous propose des formations adapt\u00e9es incluant l&rsquo;auto-secours (DVA), la nivologie et les facteurs humains<\/p>\n<\/div>\n\n\n\n<div class=\"wp-block-column is-layout-flow wp-block-column-is-layout-flow\"><\/div>\n<\/div>\n","protected":false},"excerpt":{"rendered":"<p>SKI Ski Hors-Piste Envie de poudreuse et sensations ? D\u00e9couvrez les Alpes et ses grands itin\u00e9raires Ski de Randonn\u00e9e D\u00e8s sorties d&rsquo;initiation aux sorties de ski-alpinisme et free-rando, et toujours dans des cadres somptueux et sauvages Raids \u00e0 ski Partir \u00e0 la d\u00e9couverte des massifs alpins skis aux pieds, de refuge en refuge AUTRES \u00c9cole [&hellip;]<\/p>\n","protected":false},"author":1,"featured_media":0,"parent":0,"menu_order":0,"comment_status":"closed","ping_status":"closed","template":"","meta":{"zakra_sidebar_layout":"customizer","zakra_remove_content_margin":false,"zakra_sidebar":"customizer","zakra_transparent_header":"customizer","zakra_logo":0,"zakra_main_header_style":"default","zakra_menu_item_color":"","zakra_menu_item_hover_color":"","zakra_menu_item_active_color":"","zakra_menu_active_style":"","zakra_page_header":true,"_monsterinsights_skip_tracking":false,"_monsterinsights_sitenote_active":false,"_monsterinsights_sitenote_note":"","_monsterinsights_sitenote_category":0,"_joinchat":[],"footnotes":""},"class_list":["post-56","page","type-page","status-publish","hentry"],"yoast_head":"<!-- This site is optimized with the Yoast SEO plugin v27.0 - https:\/\/yoast.com\/product\/yoast-seo-wordpress\/ -->\n<title>Hiver - Nacho Olmedo Manich<\/title>\n<meta name=\"robots\" content=\"index, follow, max-snippet:-1, max-image-preview:large, max-video-preview:-1\" \/>\n<link rel=\"canonical\" href=\"https:\/\/en-cordes.com\/index.php\/hiver\/\" \/>\n<meta property=\"og:locale\" content=\"fr_FR\" \/>\n<meta property=\"og:type\" content=\"article\" \/>\n<meta property=\"og:title\" content=\"Hiver - Nacho Olmedo Manich\" \/>\n<meta property=\"og:description\" content=\"SKI Ski Hors-Piste Envie de poudreuse et sensations ? D\u00e9couvrez les Alpes et ses grands itin\u00e9raires Ski de Randonn\u00e9e D\u00e8s sorties d&rsquo;initiation aux sorties de ski-alpinisme et free-rando, et toujours dans des cadres somptueux et sauvages Raids \u00e0 ski Partir \u00e0 la d\u00e9couverte des massifs alpins skis aux pieds, de refuge en refuge AUTRES \u00c9cole [&hellip;]\" \/>\n<meta property=\"og:url\" content=\"https:\/\/en-cordes.com\/index.php\/hiver\/\" \/>\n<meta property=\"og:site_name\" content=\"Nacho Olmedo Manich\" \/>\n<meta property=\"article:modified_time\" content=\"2025-02-20T17:56:53+00:00\" \/>\n<meta property=\"og:image\" content=\"https:\/\/en-cordes.com\/wp-content\/uploads\/2021\/03\/mRENA3971-edited-1-scaled.jpg\" \/>\n\t<meta property=\"og:image:width\" content=\"2560\" \/>\n\t<meta property=\"og:image:height\" content=\"2560\" \/>\n\t<meta property=\"og:image:type\" content=\"image\/jpeg\" \/>\n<meta name=\"twitter:card\" content=\"summary_large_image\" \/>\n<script type=\"application\/ld+json\" class=\"yoast-schema-graph\">{\"@context\":\"https:\/\/schema.org\",\"@graph\":[{\"@type\":\"WebPage\",\"@id\":\"https:\/\/en-cordes.com\/index.php\/hiver\/\",\"url\":\"https:\/\/en-cordes.com\/index.php\/hiver\/\",\"name\":\"Hiver - Nacho Olmedo Manich\",\"isPartOf\":{\"@id\":\"https:\/\/en-cordes.com\/#website\"},\"primaryImageOfPage\":{\"@id\":\"https:\/\/en-cordes.com\/index.php\/hiver\/#primaryimage\"},\"image\":{\"@id\":\"https:\/\/en-cordes.com\/index.php\/hiver\/#primaryimage\"},\"thumbnailUrl\":\"http:\/\/n-cordes.com\/wp-content\/uploads\/2021\/03\/mRENA3971-edited-1-scaled.jpg\",\"datePublished\":\"2021-03-18T14:18:50+00:00\",\"dateModified\":\"2025-02-20T17:56:53+00:00\",\"breadcrumb\":{\"@id\":\"https:\/\/en-cordes.com\/index.php\/hiver\/#breadcrumb\"},\"inLanguage\":\"fr-FR\",\"potentialAction\":[{\"@type\":\"ReadAction\",\"target\":[\"https:\/\/en-cordes.com\/index.php\/hiver\/\"]}]},{\"@type\":\"ImageObject\",\"inLanguage\":\"fr-FR\",\"@id\":\"https:\/\/en-cordes.com\/index.php\/hiver\/#primaryimage\",\"url\":\"http:\/\/n-cordes.com\/wp-content\/uploads\/2021\/03\/mRENA3971-edited-1-scaled.jpg\",\"contentUrl\":\"http:\/\/n-cordes.com\/wp-content\/uploads\/2021\/03\/mRENA3971-edited-1-scaled.jpg\"},{\"@type\":\"BreadcrumbList\",\"@id\":\"https:\/\/en-cordes.com\/index.php\/hiver\/#breadcrumb\",\"itemListElement\":[{\"@type\":\"ListItem\",\"position\":1,\"name\":\"Accueil\",\"item\":\"https:\/\/en-cordes.com\/\"},{\"@type\":\"ListItem\",\"position\":2,\"name\":\"Hiver\"}]},{\"@type\":\"WebSite\",\"@id\":\"https:\/\/en-cordes.com\/#website\",\"url\":\"https:\/\/en-cordes.com\/\",\"name\":\"Nacho Olmedo Manich\",\"description\":\"Guide de Haute Montagne UIAGM\",\"publisher\":{\"@id\":\"https:\/\/en-cordes.com\/#organization\"},\"potentialAction\":[{\"@type\":\"SearchAction\",\"target\":{\"@type\":\"EntryPoint\",\"urlTemplate\":\"https:\/\/en-cordes.com\/?s={search_term_string}\"},\"query-input\":{\"@type\":\"PropertyValueSpecification\",\"valueRequired\":true,\"valueName\":\"search_term_string\"}}],\"inLanguage\":\"fr-FR\"},{\"@type\":\"Organization\",\"@id\":\"https:\/\/en-cordes.com\/#organization\",\"name\":\"Nacho Olmedo Manich\",\"url\":\"https:\/\/en-cordes.com\/\",\"logo\":{\"@type\":\"ImageObject\",\"inLanguage\":\"fr-FR\",\"@id\":\"https:\/\/en-cordes.com\/#\/schema\/logo\/image\/\",\"url\":\"https:\/\/en-cordes.com\/wp-content\/uploads\/2021\/09\/cropped-logo_white_2-1.png\",\"contentUrl\":\"https:\/\/en-cordes.com\/wp-content\/uploads\/2021\/09\/cropped-logo_white_2-1.png\",\"width\":1292,\"height\":1061,\"caption\":\"Nacho Olmedo Manich\"},\"image\":{\"@id\":\"https:\/\/en-cordes.com\/#\/schema\/logo\/image\/\"}}]}<\/script>\n<!-- \/ Yoast SEO plugin. -->","yoast_head_json":{"title":"Hiver - Nacho Olmedo Manich","robots":{"index":"index","follow":"follow","max-snippet":"max-snippet:-1","max-image-preview":"max-image-preview:large","max-video-preview":"max-video-preview:-1"},"canonical":"https:\/\/en-cordes.com\/index.php\/hiver\/","og_locale":"fr_FR","og_type":"article","og_title":"Hiver - Nacho Olmedo Manich","og_description":"SKI Ski Hors-Piste Envie de poudreuse et sensations ? D\u00e9couvrez les Alpes et ses grands itin\u00e9raires Ski de Randonn\u00e9e D\u00e8s sorties d&rsquo;initiation aux sorties de ski-alpinisme et free-rando, et toujours dans des cadres somptueux et sauvages Raids \u00e0 ski Partir \u00e0 la d\u00e9couverte des massifs alpins skis aux pieds, de refuge en refuge AUTRES \u00c9cole [&hellip;]","og_url":"https:\/\/en-cordes.com\/index.php\/hiver\/","og_site_name":"Nacho Olmedo Manich","article_modified_time":"2025-02-20T17:56:53+00:00","og_image":[{"width":2560,"height":2560,"url":"https:\/\/en-cordes.com\/wp-content\/uploads\/2021\/03\/mRENA3971-edited-1-scaled.jpg","type":"image\/jpeg"}],"twitter_card":"summary_large_image","schema":{"@context":"https:\/\/schema.org","@graph":[{"@type":"WebPage","@id":"https:\/\/en-cordes.com\/index.php\/hiver\/","url":"https:\/\/en-cordes.com\/index.php\/hiver\/","name":"Hiver - Nacho Olmedo Manich","isPartOf":{"@id":"https:\/\/en-cordes.com\/#website"},"primaryImageOfPage":{"@id":"https:\/\/en-cordes.com\/index.php\/hiver\/#primaryimage"},"image":{"@id":"https:\/\/en-cordes.com\/index.php\/hiver\/#primaryimage"},"thumbnailUrl":"http:\/\/n-cordes.com\/wp-content\/uploads\/2021\/03\/mRENA3971-edited-1-scaled.jpg","datePublished":"2021-03-18T14:18:50+00:00","dateModified":"2025-02-20T17:56:53+00:00","breadcrumb":{"@id":"https:\/\/en-cordes.com\/index.php\/hiver\/#breadcrumb"},"inLanguage":"fr-FR","potentialAction":[{"@type":"ReadAction","target":["https:\/\/en-cordes.com\/index.php\/hiver\/"]}]},{"@type":"ImageObject","inLanguage":"fr-FR","@id":"https:\/\/en-cordes.com\/index.php\/hiver\/#primaryimage","url":"http:\/\/n-cordes.com\/wp-content\/uploads\/2021\/03\/mRENA3971-edited-1-scaled.jpg","contentUrl":"http:\/\/n-cordes.com\/wp-content\/uploads\/2021\/03\/mRENA3971-edited-1-scaled.jpg"},{"@type":"BreadcrumbList","@id":"https:\/\/en-cordes.com\/index.php\/hiver\/#breadcrumb","itemListElement":[{"@type":"ListItem","position":1,"name":"Accueil","item":"https:\/\/en-cordes.com\/"},{"@type":"ListItem","position":2,"name":"Hiver"}]},{"@type":"WebSite","@id":"https:\/\/en-cordes.com\/#website","url":"https:\/\/en-cordes.com\/","name":"Nacho Olmedo Manich","description":"Guide de Haute Montagne UIAGM","publisher":{"@id":"https:\/\/en-cordes.com\/#organization"},"potentialAction":[{"@type":"SearchAction","target":{"@type":"EntryPoint","urlTemplate":"https:\/\/en-cordes.com\/?s={search_term_string}"},"query-input":{"@type":"PropertyValueSpecification","valueRequired":true,"valueName":"search_term_string"}}],"inLanguage":"fr-FR"},{"@type":"Organization","@id":"https:\/\/en-cordes.com\/#organization","name":"Nacho Olmedo Manich","url":"https:\/\/en-cordes.com\/","logo":{"@type":"ImageObject","inLanguage":"fr-FR","@id":"https:\/\/en-cordes.com\/#\/schema\/logo\/image\/","url":"https:\/\/en-cordes.com\/wp-content\/uploads\/2021\/09\/cropped-logo_white_2-1.png","contentUrl":"https:\/\/en-cordes.com\/wp-content\/uploads\/2021\/09\/cropped-logo_white_2-1.png","width":1292,"height":1061,"caption":"Nacho Olmedo Manich"},"image":{"@id":"https:\/\/en-cordes.com\/#\/schema\/logo\/image\/"}}]}},"jetpack_sharing_enabled":true,"_links":{"self":[{"href":"https:\/\/en-cordes.com\/index.php\/wp-json\/wp\/v2\/pages\/56","targetHints":{"allow":["GET"]}}],"collection":[{"href":"https:\/\/en-cordes.com\/index.php\/wp-json\/wp\/v2\/pages"}],"about":[{"href":"https:\/\/en-cordes.com\/index.php\/wp-json\/wp\/v2\/types\/page"}],"author":[{"embeddable":true,"href":"https:\/\/en-cordes.com\/index.php\/wp-json\/wp\/v2\/users\/1"}],"replies":[{"embeddable":true,"href":"https:\/\/en-cordes.com\/index.php\/wp-json\/wp\/v2\/comments?post=56"}],"version-history":[{"count":8,"href":"https:\/\/en-cordes.com\/index.php\/wp-json\/wp\/v2\/pages\/56\/revisions"}],"predecessor-version":[{"id":1026,"href":"https:\/\/en-cordes.com\/index.php\/wp-json\/wp\/v2\/pages\/56\/revisions\/1026"}],"wp:attachment":[{"href":"https:\/\/en-cordes.com\/index.php\/wp-json\/wp\/v2\/media?parent=56"}],"curies":[{"name":"wp","href":"https:\/\/api.w.org\/{rel}","templated":true}]}}