{"id":62,"date":"2021-03-18T15:18:51","date_gmt":"2021-03-18T14:18:51","guid":{"rendered":"http:\/\/n-cordes.com\/?page_id=62"},"modified":"2026-03-25T08:35:54","modified_gmt":"2026-03-25T07:35:54","slug":"cgv","status":"publish","type":"page","link":"https:\/\/en-cordes.com\/index.php\/cgv\/","title":{"rendered":"CGV"},"content":{"rendered":"\n<p class=\"has-text-align-center\"><em>L\u2019achat d\u2019une Activit\u00e9 vendue par le Guide de Montagne Nacho Olmedo implique la connaissance et l&rsquo;acceptation pure et simple des pr\u00e9sentes conditions g\u00e9n\u00e9rales de vente.<\/em><\/p>\n\n\n\n<h2 class=\"has-text-align-center wp-block-heading\">Article 1 &#8211; D\u00e9finition de la prestation<\/h2>\n\n\n\n<div class=\"wp-block-columns is-layout-flex wp-container-core-columns-is-layout-28f84493 wp-block-columns-is-layout-flex\">\n<div class=\"wp-block-column is-layout-flow wp-block-column-is-layout-flow\" style=\"flex-basis:25%\"><\/div>\n\n\n\n<div class=\"wp-block-column is-layout-flow wp-block-column-is-layout-flow\" style=\"flex-basis:50%\">\n<p>Le Guide de Montagne d\u00e9livre une prestation d&rsquo;encadrement, d&rsquo;animation, d&rsquo;enseignement et d&rsquo;entra\u00eenement en s\u00e9curit\u00e9 de l&rsquo;alpinisme et de ses activit\u00e9s assimil\u00e9es, et exerce les pr\u00e9rogatives \u00e9num\u00e9r\u00e9es \u00e0 l&rsquo;article 1<sup>er<\/sup>\u00a0de l&rsquo;arr\u00eat\u00e9 du 16 juin 2014 relatif \u00e0 la formation sp\u00e9cifique du dipl\u00f4me d&rsquo;Etat d&rsquo;alpinisme \u2013 guide de haute montagne.<\/p>\n\n\n\n<p>Les pr\u00e9sentes conditions g\u00e9n\u00e9rales ne portent que sur la vente d\u2019activit\u00e9s d\u2019alpinisme et d\u2019activit\u00e9s assimil\u00e9es au sens des dispositions pr\u00e9cit\u00e9es, \u00e0 l\u2019exclusion de toute autre prestation de transport, d\u2019h\u00e9bergement, de nourriture, ou de location de mat\u00e9riel.<\/p>\n<\/div>\n\n\n\n<div class=\"wp-block-column is-layout-flow wp-block-column-is-layout-flow\" style=\"flex-basis:25%\"><\/div>\n<\/div>\n\n\n\n<h2 class=\"has-text-align-center wp-block-heading\">Article 2 &#8211;  Contrat. Vente de l&rsquo;Activit\u00e9<\/h2>\n\n\n\n<div class=\"wp-block-columns is-layout-flex wp-container-core-columns-is-layout-28f84493 wp-block-columns-is-layout-flex\">\n<div class=\"wp-block-column is-layout-flow wp-block-column-is-layout-flow\"><\/div>\n\n\n\n<div class=\"wp-block-column is-layout-flow wp-block-column-is-layout-flow\" style=\"flex-basis:50%\">\n<p>Le contrat est compos\u00e9 de deux parties applicables en cas de contradictions dans l\u2019ordre suivant : les accords individuels entre le guide de montagne et le client, et les pr\u00e9sentes conditions g\u00e9n\u00e9rales.<\/p>\n\n\n\n<p>L\u2019Activit\u00e9 est vendue d\u00e8s que les parties (Guide de Montagne et Client(s)) se sont mises d\u2019accord sur les principales caract\u00e9ristiques et le tarif de la prestation. Il s\u2019agit alors d\u2019un accord oral, sauf si l\u2019une des parties \u00e9met express\u00e9ment la r\u00e9serve selon laquelle le contrat doit avoir une forme \u00e9crite.<\/p>\n\n\n\n<p>La demande d\u2019inscription s\u2019effectue directement aupr\u00e8s du Guide de Montagne, par t\u00e9l\u00e9phone, via l\u2019onglet \u00ab&nbsp;contact&nbsp;\u00bb du site ou par e-mail, et mentionne les noms, pr\u00e9nom, adresse, et coordonn\u00e9es de contact du Client.<\/p>\n\n\n\n<p>Le Guide de Montagne propose au Client devis et propositions qui comprend les principales caract\u00e9ristiques et le tarif de l\u2019Activit\u00e9, et lui adresse les pr\u00e9sentes conditions g\u00e9n\u00e9rales.<\/p>\n\n\n\n<p>L\u2019inscription est effective apr\u00e8s que le client a compl\u00e9t\u00e9 le formulaire et r\u00e9gl\u00e9 un acompte&nbsp;\u00e9gal \u00e0 30 % du tarif de l&rsquo;Activit\u00e9, et que le Guide de Montagne en a accus\u00e9 bonne r\u00e9ception.<\/p>\n\n\n\n<p>En l\u2019absence d\u2019accus\u00e9 de r\u00e9ception de la part du Guide de Montagne dans un d\u00e9lai de 7 jours, l\u2019inscription sera r\u00e9put\u00e9e non valid\u00e9e, le Guide de Montagne conservant toutefois la possibilit\u00e9 de confirmer cette inscription apr\u00e8s ce d\u00e9lai et jusqu\u2019au jour de l\u2019Activit\u00e9.<\/p>\n\n\n\n<p>Le cas \u00e9ch\u00e9ant, le Guide de Montagne d\u00e9finit la date \u00e0 compter de laquelle le d\u00e9faut de versement de&nbsp;l\u2019acompte&nbsp;&nbsp;entra\u00eene l&rsquo;annulation de l\u2019activit\u00e9.&nbsp;<\/p>\n\n\n\n<p>Le solde de la somme due est vers\u00e9 au Guide de Montagne au retour de l&rsquo;Activit\u00e9.<\/p>\n\n\n\n<p>En cas de vente conclue&nbsp;<strong>\u00e0 distance<\/strong>&nbsp;(t\u00e9l\u00e9phone, courrier postal, \u2026)&nbsp;: Avant toute commande, le Guide de Montagne fournit au Client les informations contractuelles d&rsquo;une mani\u00e8re qui permette leur conservation et leur reproduction.<\/p>\n\n\n\n<p>En cas de vente conclue&nbsp;<strong>\u00e0 distance exclusivement par \u00e9changes de courriers \u00e9lectroniques<\/strong>&nbsp;:&nbsp;<\/p>\n\n\n\n<p>Le Guide de Montagne s\u2019assure que le Client reconnait son obligation de paiement lors de sa commande, et fait figurer la mention \u00ab&nbsp;<em>commande avec obligation de paiement<\/em>&nbsp;\u00bb ainsi que les moyens de paiement accept\u00e9s pour la conclusion du contrat.<\/p>\n\n\n\n<p>Le Guide de Montagne accuse r\u00e9ception de la demande d\u2019inscription par e-mail ou par tout autre moyen, et fournit au Client la confirmation et le d\u00e9tail du contrat sur un support durable.<\/p>\n<\/div>\n\n\n\n<div class=\"wp-block-column is-layout-flow wp-block-column-is-layout-flow\"><\/div>\n<\/div>\n\n\n\n<h2 class=\"has-text-align-center wp-block-heading\">Article 3 &#8211; Droit de r\u00e9tractation<\/h2>\n\n\n\n<p><\/p>\n\n\n\n<p><\/p>\n\n\n\n<div class=\"wp-block-columns is-layout-flex wp-container-core-columns-is-layout-28f84493 wp-block-columns-is-layout-flex\">\n<div class=\"wp-block-column is-layout-flow wp-block-column-is-layout-flow\"><\/div>\n\n\n\n<div class=\"wp-block-column is-layout-flow wp-block-column-is-layout-flow\" style=\"flex-basis:50%\">\n<p>Le Client est inform\u00e9 que conform\u00e9ment aux dispositions de l\u2019article L. 221-28 du code de la consommation, l\u2019inscription \u00e0 une Activit\u00e9 est ferme et d\u00e9finitive et qu\u2019il ne b\u00e9n\u00e9ficie pas d\u2019un droit de r\u00e9tractation.<\/p>\n<\/div>\n\n\n\n<div class=\"wp-block-column is-layout-flow wp-block-column-is-layout-flow\"><\/div>\n<\/div>\n\n\n\n<h2 class=\"has-text-align-center wp-block-heading\">Article 4 &#8211; Tarif &#8211; Frais suppl\u00e9mentaires &#8211; Modalit\u00e9s de paiement &#8211; R\u00e9clamation<\/h2>\n\n\n\n<div class=\"wp-block-columns is-layout-flex wp-container-core-columns-is-layout-28f84493 wp-block-columns-is-layout-flex\">\n<div class=\"wp-block-column is-layout-flow wp-block-column-is-layout-flow\" style=\"flex-basis:25%\"><\/div>\n\n\n\n<div class=\"wp-block-column is-layout-flow wp-block-column-is-layout-flow\" style=\"flex-basis:50%\">\n<p>Le tarif&nbsp;correspond aux honoraires du Guide de Montagne. Il porte sur la seule prestation d&rsquo;encadrement de l&rsquo;Activit\u00e9 \u00e0 l&rsquo;exclusion de toute autre prestation. Il s\u2019entend toute charge comprise.<\/p>\n\n\n\n<p>Le tarif tient compte des us et coutumes de la profession, du nombre de participants et de leur niveau technique et physique, et des caract\u00e9ristiques de l&rsquo;objectif poursuivi (difficult\u00e9 technique, d\u00e9nivel\u00e9, engagement, &#8230;).<\/p>\n\n\n\n<p>Le Guide de Montagne applique soit un tarif journalier de base, variable selon la saison hivernale et estivale, soit un tarif d\u00e9fini en fonction de l&rsquo;objectif poursuivi.<\/p>\n\n\n\n<p>Le tarif communiqu\u00e9 est r\u00e9put\u00e9 correspondre au tarif de l\u2019Activit\u00e9 d\u00fb par chacun des participants, sauf \u00e0 ce que le Guide de Montagne ait pr\u00e9cis\u00e9 qu\u2019il s\u2019agit d\u2019un tarif global de l\u2019Activit\u00e9 \u00e0 partager entre l\u2019ensemble des participants.<\/p>\n\n\n\n<p>Les frais suppl\u00e9mentaires&nbsp;\u00e9ventuels occasionn\u00e9s par l\u2019activit\u00e9&nbsp;<em>(<\/em>transport, remont\u00e9es m\u00e9caniques, boissons, nourriture, etc) sont command\u00e9s, pris en charge et pay\u00e9s directement par le(s) Client(s), y compris ceux du Guide de Montagne.<\/p>\n\n\n\n<p>Modalit\u00e9s de paiement&nbsp;: Le tarif de l&rsquo;Activit\u00e9 est \u00e0 r\u00e9gler&nbsp;par virement bancaire, ou par esp\u00e8ces.&nbsp;<\/p>\n\n\n\n<p>R\u00e9clamation&nbsp;: Toute r\u00e9clamation est adress\u00e9e&nbsp;par courrier recommand\u00e9 avec accus\u00e9 de r\u00e9ception \u00e0 l\u2019adresse du Guide de Montagne, au plus tard un mois apr\u00e8s la survenance du fait g\u00e9n\u00e9rateur de la demande.<\/p>\n<\/div>\n\n\n\n<div class=\"wp-block-column is-layout-flow wp-block-column-is-layout-flow\" style=\"flex-basis:25%\"><\/div>\n<\/div>\n\n\n\n<h2 class=\"has-text-align-center wp-block-heading\">Article 5 -Modification ou annulation de l&rsquo;Activit\u00e9<\/h2>\n\n\n\n<div class=\"wp-block-columns is-layout-flex wp-container-core-columns-is-layout-28f84493 wp-block-columns-is-layout-flex\">\n<div class=\"wp-block-column is-layout-flow wp-block-column-is-layout-flow\" style=\"flex-basis:25%\"><\/div>\n\n\n\n<div class=\"wp-block-column is-layout-flow wp-block-column-is-layout-flow\" style=\"flex-basis:50%\">\n<p><em>&nbsp;<\/em>Les activit\u00e9s de montagne sont soumises \u00e0 des al\u00e9as li\u00e9s aux conditions m\u00e9t\u00e9orologiques, nivologiques et de terrain, \u00e0 la fr\u00e9quentation, ainsi qu\u2019\u00e0 l\u2019exp\u00e9rience, aux capacit\u00e9s techniques et \u00e0 la condition physique des participants.<\/p>\n\n\n\n<p>Pour assurer la s\u00e9curit\u00e9 des biens et des personnes, l\u2019Activit\u00e9 propos\u00e9e peut \u00eatre annul\u00e9e ou modifi\u00e9e par le Guide de Montagne \u00e0 tout moment en amont, au d\u00e9but, ou pendant sa r\u00e9alisation.<\/p>\n\n\n\n<p>\u2022 En cas de modification de l\u2019Activit\u00e9 par le Guide de Montagne en amont ou pendant l\u2019Activit\u00e9&nbsp;<em>:&nbsp;<\/em>le tarif de l&rsquo;itin\u00e9raire de substitution sera appliqu\u00e9 \u00e0 hauteur des us et coutumes, sans pouvoir \u00eatre inf\u00e9rieur au tarif journalier de base du Guide de Montagne mentionn\u00e9 \u00e0 l\u2019article 4, et sans que le Client ne puisse pr\u00e9tendre \u00e0 aucune indemnit\u00e9.<\/p>\n\n\n\n<p>En cas de modification de l\u2019Activit\u00e9 du fait du Client, notamment pour insuffisance des pr\u00e9requis physique ou techniques d\u00e9clar\u00e9s, le tarif de l\u2019objectif initial pourra \u00eatre appliqu\u00e9 dans son int\u00e9gralit\u00e9.<\/p>\n\n\n\n<p>\u2022&nbsp;En cas d\u2019annulation de l\u2019Activit\u00e9 par le Guide de Montagne en amont de l\u2019activit\u00e9, [<em>pr\u00e9ciser les conditions d\u2019annulation de l\u2019Activit\u00e9. Ex&nbsp;:&nbsp;<\/em>la priorit\u00e9 est donn\u00e9e \u00e0 un report de l\u2019activit\u00e9. En cas de refus, l\u2019acompte est restitu\u00e9 au(x) Client(s), d\u00e9duction faite des sommes \u00e9ventuellement d\u00e9j\u00e0 engag\u00e9es par le Guide de Montagne pour l\u2019Activit\u00e9 (frais de r\u00e9servation ou de d\u00e9placement, \u2026).<\/p>\n\n\n\n<p>Si le nombre de participants minimal fix\u00e9 n\u2019est pas atteint pour la r\u00e9alisation d\u2019une Activit\u00e9 organis\u00e9e collectivement, le Guide de Montagne peut d\u00e9cider de ne pas r\u00e9aliser l\u2019Activit\u00e9. Dans cette hypoth\u00e8se, les sommes vers\u00e9es par le(s) Client(s) lui sont rembours\u00e9es.<\/p>\n\n\n\n<p>\u2022&nbsp;En cas d\u2019annulation de l\u2019Activit\u00e9 par le(s) Client(s) :<\/p>\n\n\n\n<p>&#8211; Jusqu\u2019\u00e0 30 jours avant le d\u00e9but de l\u2019Activit\u00e9 : l\u2019acompte est restitu\u00e9, sauf sommes d\u00e9j\u00e0 engag\u00e9es ou avanc\u00e9es.<\/p>\n\n\n\n<p>&#8211; De 30 jours \u00e0 4 jours avant le d\u00e9but de l\u2019Activit\u00e9 : l\u2019acompte est d\u00fb.<\/p>\n\n\n\n<p>&#8211; Moins de 4 jours avant le d\u00e9but de l\u2019Activit\u00e9 : l\u2019int\u00e9gralit\u00e9 du tarif est due.<\/p>\n\n\n\n<p>Ou bien&nbsp;: \/ le bar\u00e8me suivant sera appliqu\u00e9&nbsp;:<\/p>\n\n\n\n<ul class=\"wp-block-list\"><li>entre deux et 15 jours&nbsp;: 50 % du tarif sera d\u00fb<\/li><li>entre 15 jours et un mois&nbsp;: 25 % du tarif sera d\u00fb<\/li><\/ul>\n\n\n\n<p>avant un mois&nbsp;: 0%&nbsp;&nbsp;du tarif sera d\u00fb<\/p>\n<\/div>\n\n\n\n<div class=\"wp-block-column is-layout-flow wp-block-column-is-layout-flow\" style=\"flex-basis:25%\"><\/div>\n<\/div>\n\n\n\n<h2 class=\"has-text-align-center wp-block-heading\">Article 6 &#8211; Pr\u00e9requis techniques et physiques. Ant\u00e9c\u00e9dents<\/h2>\n\n\n\n<div class=\"wp-block-columns is-layout-flex wp-container-core-columns-is-layout-28f84493 wp-block-columns-is-layout-flex\">\n<div class=\"wp-block-column is-layout-flow wp-block-column-is-layout-flow\" style=\"flex-basis:25%\"><\/div>\n\n\n\n<div class=\"wp-block-column is-layout-flow wp-block-column-is-layout-flow\" style=\"flex-basis:50%\">\n<p>Des pr\u00e9requis techniques, physiques ou d\u2019exp\u00e9rience peuvent conditionner l&rsquo;acc\u00e8s du Client \u00e0 l&rsquo;Activit\u00e9.&nbsp;<\/p>\n\n\n\n<p>Le Client qui d\u00e9clare \u00e0 tort respecter ces pr\u00e9requis, et qui dispose d&rsquo;un niveau technique, physique ou d\u2019exp\u00e9rience inf\u00e9rieur \u00e0 celui d\u00e9clar\u00e9, est enti\u00e8rement responsable des cons\u00e9quences de tous types qui pourraient en r\u00e9sulter.<\/p>\n\n\n\n<p>En particulier, le Client doit d\u00e9clarer au Guide de Montagne tout probl\u00e8me de sant\u00e9, ant\u00e9c\u00e9dent m\u00e9dical, traitement ponctuel ou de longue dur\u00e9e, accident, susceptible d&rsquo;affecter sa sant\u00e9 physique ou psychologique, ainsi que toute appr\u00e9hension particuli\u00e8re (vertige, ant\u00e9c\u00e9dent d\u2019accident, peurs, \u2026).&nbsp;<\/p>\n<\/div>\n\n\n\n<div class=\"wp-block-column is-layout-flow wp-block-column-is-layout-flow\" style=\"flex-basis:25%\"><\/div>\n<\/div>\n\n\n\n<h2 class=\"has-text-align-center wp-block-heading\">Article 7 &#8211; <strong>Organisation de l&rsquo;Activit\u00e9\u00a0<\/strong><\/h2>\n\n\n\n<div class=\"wp-block-columns is-layout-flex wp-container-core-columns-is-layout-28f84493 wp-block-columns-is-layout-flex\">\n<div class=\"wp-block-column is-layout-flow wp-block-column-is-layout-flow\" style=\"flex-basis:25%\"><\/div>\n\n\n\n<div class=\"wp-block-column is-layout-flow wp-block-column-is-layout-flow\" style=\"flex-basis:50%\">\n<p>Horaires&nbsp;: Pour le bon d\u00e9roulement de l&rsquo;Activit\u00e9, le Client s&rsquo;engage \u00e0 respecter ponctuellement les horaires de rendez-vous communiqu\u00e9s.&nbsp;<\/p>\n\n\n\n<p>Le non-respect de l&rsquo;horaire de rendez-vous par le Client peut entra\u00eener la modification de l&rsquo;Activit\u00e9.<\/p>\n\n\n\n<p>Nombre de participants&nbsp;: Un nombre de participant maximum peut \u00eatre fix\u00e9 pour chaque Activit\u00e9 au regard des us et coutumes, du niveau physique et technique des participants, et des conditions m\u00e9t\u00e9orologiques et de terrain.<\/p>\n\n\n\n<p>En cas d\u2019Activit\u00e9 organis\u00e9e collectivement, un nombre minimum de participants peut \u00eatre fix\u00e9, ainsi que la date \u00e0 compter de laquelle un nombre insuffisant d\u2019inscrits n\u2019en permet pas la r\u00e9alisation.<\/p>\n<\/div>\n\n\n\n<div class=\"wp-block-column is-layout-flow wp-block-column-is-layout-flow\" style=\"flex-basis:25%\"><\/div>\n<\/div>\n\n\n\n<h2 class=\"has-text-align-center wp-block-heading\">Article 8 &#8211; Mat\u00e9riel<\/h2>\n\n\n\n<div class=\"wp-block-columns is-layout-flex wp-container-core-columns-is-layout-28f84493 wp-block-columns-is-layout-flex\">\n<div class=\"wp-block-column is-layout-flow wp-block-column-is-layout-flow\" style=\"flex-basis:25%\"><\/div>\n\n\n\n<div class=\"wp-block-column is-layout-flow wp-block-column-is-layout-flow\" style=\"flex-basis:50%\">\n<p>Mat\u00e9riel collectif&nbsp;: Le tarif inclut le mat\u00e9riel collectif et de s\u00e9curit\u00e9.<\/p>\n\n\n\n<p>Mat\u00e9riel individuel&nbsp;: Le Client dispose de son propre \u00e9quipement technique et de s\u00e9curit\u00e9 adapt\u00e9 \u00e0 l&rsquo;Activit\u00e9 pratiqu\u00e9e, conform\u00e9ment aux indications transmises.<\/p>\n\n\n\n<p>Le Client est inform\u00e9 qu&rsquo;il est seul responsable de son mat\u00e9riel et des dommages qui pourraient en r\u00e9sulter pour lui ou pour un tiers.&nbsp;<\/p>\n\n\n\n<p>En cas de doutes quant \u00e0 la v\u00e9tust\u00e9 ou au caract\u00e8re inadapt\u00e9 de son \u00e9quipement individuel, il lui revient d\u2019en r\u00e9f\u00e9rer au Guide de Montagne.<\/p>\n\n\n\n<p>Le Guide de Montagne peut \u00eatre amen\u00e9 \u00e0 mettre \u00e0 disposition du Client le mat\u00e9riel technique et de s\u00e9curit\u00e9 n\u00e9cessaire \u00e0 la r\u00e9alisation de l&rsquo;Activit\u00e9, auquel cas le Client s\u2019engage \u00e0 porter et \u00e0 utiliser cet \u00e9quipement durant toute l\u2019activit\u00e9, sauf indication contraire expresse du Guide de Montagne.<\/p>\n<\/div>\n\n\n\n<div class=\"wp-block-column is-layout-flow wp-block-column-is-layout-flow\" style=\"flex-basis:25%\"><\/div>\n<\/div>\n\n\n\n<h2 class=\"has-text-align-center wp-block-heading\">Article 9 &#8211; Responsabilit\u00e9s. Milieu sp\u00e9cifique<\/h2>\n\n\n\n<div class=\"wp-block-columns is-layout-flex wp-container-core-columns-is-layout-28f84493 wp-block-columns-is-layout-flex\">\n<div class=\"wp-block-column is-layout-flow wp-block-column-is-layout-flow\" style=\"flex-basis:25%\"><\/div>\n\n\n\n<div class=\"wp-block-column is-layout-flow wp-block-column-is-layout-flow\" style=\"flex-basis:50%\">\n<p>L\u2019alpinisme se d\u00e9roule dans un milieu sp\u00e9cifique de haute montagne, qui comporte des risques naturels objectifs et al\u00e9atoires (chutes de pierres, s\u00e9racs, crevasses, avalanches, etc). L\u2019encadrement par un Guide de Montagne ne fait pas dispara\u00eetre ces risques naturels. Le participant a conscience des dangers auxquels il s\u2019expose.<\/p>\n\n\n\n<p>Le Guide de Montagne est soumis \u00e0 une obligation de s\u00e9curit\u00e9 de moyen et non de r\u00e9sultat. Il met en \u0153uvre tous les moyens \u00e0 sa disposition, y compris le renoncement, pour assurer avec prudence et diligence la s\u00e9curit\u00e9 du participant, lequel conserve un r\u00f4le actif dans la r\u00e9alisation de l\u2019activit\u00e9. Le participant veille \u00e0 sa propre s\u00e9curit\u00e9 et \u00e0 celle des tiers. Il doit respecter les r\u00e8gles de s\u00e9curit\u00e9 et de comportement qui d\u00e9coulent du bon sens, ainsi que celles transmises par le Guide de Montagne.<\/p>\n\n\n\n<p>Il est rappel\u00e9 que toute activit\u00e9 autre que l\u2019alpinisme que le Pratiquant pourrait \u00eatre amen\u00e9 \u00e0 pratiquer \u00e0 l\u2019occasion du d\u00e9roulement de la sortie (v\u00e9lo, natation, cueillette, parapente, etc.), est pratiqu\u00e9e sous la responsabilit\u00e9 personnelle exclusive du Pratiquant, la responsabilit\u00e9 du Guide de Montagne ne pouvant en aucun cas \u00eatre engag\u00e9e de ce fait.<\/p>\n<\/div>\n\n\n\n<div class=\"wp-block-column is-layout-flow wp-block-column-is-layout-flow\" style=\"flex-basis:25%\"><\/div>\n<\/div>\n\n\n\n<h2 class=\"has-text-align-center wp-block-heading\">Article 10 &#8211; Assurances et Secours<\/h2>\n\n\n\n<div class=\"wp-block-columns is-layout-flex wp-container-core-columns-is-layout-28f84493 wp-block-columns-is-layout-flex\">\n<div class=\"wp-block-column is-layout-flow wp-block-column-is-layout-flow\" style=\"flex-basis:25%\"><\/div>\n\n\n\n<div class=\"wp-block-column is-layout-flow wp-block-column-is-layout-flow\" style=\"flex-basis:50%\">\n<p>Le Guide de Montagne b\u00e9n\u00e9ficie d\u2019une assurance en responsabilit\u00e9 civile professionnelle en France et dans le monde entier qui couvre les dommages qui r\u00e9sulteraient de leurs actions en qualit\u00e9 de professionnel, incluant les frais de recherche, de secours et de rapatriement :&nbsp;<\/p>\n\n\n\n<ul class=\"wp-block-list\"><li><strong>ALLIANZ RC pro, contrat n\u00b0621 38&nbsp;930<\/strong>, garantit les cons\u00e9quences p\u00e9cuniaires de la responsabilit\u00e9 civile pouvant \u00eatre encourue en raison des dommages corporels, mat\u00e9riels, immat\u00e9riels caus\u00e9s autrui, au cours ou \u00e0 l\u2019occasion des activit\u00e9s.&nbsp;Toutefois, il est pr\u00e9cis\u00e9 que hors de France, la pr\u00e9sente assurance ne peut se substituer \u00e0 toute obligation l\u00e9gale \u00e9trang\u00e8re imposant de s\u2019assurer sur place et, en cons\u00e9quence, ne dispense pas le Souscripteur de l\u2019obligation de s\u2019assurer conform\u00e9ment aux textes locaux.<\/li><li><strong>Europ Assistance, assurance assistance, contrat n\u00b058.224.457<\/strong>, pour toutes activit\u00e9s se rapportant \u00e0 la profession de guide mentionn\u00e9es dans le contrat. Num\u00e9ro de t\u00e9l\u00e9phone&nbsp;:&nbsp;<strong>+33 1 41 85 99 38<\/strong><\/li><\/ul>\n\n\n\n<p>Cette assurance ne se substitue pas \u00e0 la responsabilit\u00e9 civile individuelle du Client pour les dommages qu\u2019il causerait \u00e0 lui-m\u00eame ou \u00e0 des tiers, ou qui r\u00e9sulteraient du fait d\u2019un ph\u00e9nom\u00e8ne naturel ext\u00e9rieur.<\/p>\n\n\n\n<p>Il revient au(x) Client(s) de s\u2019assurer en responsabilit\u00e9 civile individuelle pour la pratique de l\u2019alpinisme et des sports de montagne, sans limitation de lieu et d\u2019altitude, incluant assistance, recherche, secours et rapatriement.Le Guide de Montagne informe le Client qu\u2019il a la possibilit\u00e9 de souscrire une assurance annuelle ou \u00e0 la journ\u00e9e \u00e9tant pr\u00e9cis\u00e9 qu\u2019il appartient au Client de s\u2019assurer que les garanties requises sont effectivement couvertes.&nbsp;&nbsp;&nbsp;&nbsp;&nbsp;&nbsp;&nbsp;&nbsp;&nbsp;&nbsp;&nbsp;&nbsp;&nbsp;&nbsp;&nbsp;&nbsp;&nbsp;&nbsp;&nbsp;&nbsp;&nbsp;&nbsp;&nbsp;&nbsp;<\/p>\n<\/div>\n\n\n\n<div class=\"wp-block-column is-layout-flow wp-block-column-is-layout-flow\" style=\"flex-basis:25%\"><\/div>\n<\/div>\n\n\n\n<h2 class=\"has-text-align-center wp-block-heading\">Article 11 &#8211; Droit \u00e0 l&rsquo;image<\/h2>\n\n\n\n<div class=\"wp-block-columns is-layout-flex wp-container-core-columns-is-layout-28f84493 wp-block-columns-is-layout-flex\">\n<div class=\"wp-block-column is-layout-flow wp-block-column-is-layout-flow\" style=\"flex-basis:25%\"><\/div>\n\n\n\n<div class=\"wp-block-column is-layout-flow wp-block-column-is-layout-flow\" style=\"flex-basis:50%\">\n<p>Le Client autorise le Guide de Montagne \u00e0 utiliser sans limitation \u00e0 des fins promotionnelles et commerciales, par voie de reproduction, repr\u00e9sentation, projection et adaptation, les images (photos et vid\u00e9os) prises \u00e0 l&rsquo;occasion de l&rsquo;Activit\u00e9 encadr\u00e9e, sauf indication contraire expresse du Client signifi\u00e9e avant le d\u00e9but de l&rsquo;Activit\u00e9.<\/p>\n\n\n\n<p>Les parents du Client mineur accordent au Guide de Montagne l&rsquo;autorisation d&rsquo;utiliser les images du Client mineur dans les m\u00eames conditions.<\/p>\n<\/div>\n\n\n\n<div class=\"wp-block-column is-layout-flow wp-block-column-is-layout-flow\" style=\"flex-basis:25%\"><\/div>\n<\/div>\n\n\n\n<h2 class=\"has-text-align-center wp-block-heading\">Article 12 &#8211; R\u00e8glement des litiges et loi applicable<\/h2>\n\n\n\n<div class=\"wp-block-columns is-layout-flex wp-container-core-columns-is-layout-28f84493 wp-block-columns-is-layout-flex\">\n<div class=\"wp-block-column is-layout-flow wp-block-column-is-layout-flow\" style=\"flex-basis:25%\"><\/div>\n\n\n\n<div class=\"wp-block-column is-layout-flow wp-block-column-is-layout-flow\" style=\"flex-basis:50%\">\n<p><a>En cas de litiges, le client doit exp\u00e9dier une lettre recommand\u00e9e au guide de Montagne pour exposer sa r\u00e9clamation et favoriser un r\u00e8glement amiable. Le guide de Montagne a deux (2) mois pour r\u00e9pondre, et sans r\u00e9ponse ou si celle-ci ne convient pas au client, ce dernier peut, conform\u00e9ment \u00e0 l\u2019article L.612-1 du code de la consommation, saisir le M\u00e9diateur de la consommation&nbsp;MCP M\u00e9diation&nbsp;:<\/a><\/p>\n\n\n\n<ul class=\"wp-block-list\"><li><a href=\"http:\/\/www.mcpmediation.org\/\">www.mcpmediation.org<\/a>&nbsp;et remplir le formulaire de saisine&nbsp;;<\/li><\/ul>\n\n\n\n<p>La langue de r\u00e9f\u00e9rence, pour le r\u00e8glement de contentieux \u00e9ventuels, est le fran\u00e7ais. Toutes les contestations rel\u00e8veront de la comp\u00e9tence des juridictions dont d\u00e9pend le si\u00e8ge social du Guide de Montagne.<\/p>\n<\/div>\n\n\n\n<div class=\"wp-block-column is-layout-flow wp-block-column-is-layout-flow\" style=\"flex-basis:25%\"><\/div>\n<\/div>\n\n\n\n<h2 class=\"has-text-align-center wp-block-heading\">Article 13 &#8211; Traitement des donn\u00e9es personnelles<\/h2>\n\n\n\n<div class=\"wp-block-columns is-layout-flex wp-container-core-columns-is-layout-28f84493 wp-block-columns-is-layout-flex\">\n<div class=\"wp-block-column is-layout-flow wp-block-column-is-layout-flow\" style=\"flex-basis:25%\"><\/div>\n\n\n\n<div class=\"wp-block-column is-layout-flow wp-block-column-is-layout-flow\" style=\"flex-basis:50%\">\n<p>Les informations recueillies dans le formulaire d\u2019inscription sont enregistr\u00e9es dans un fichier informatis\u00e9. Les donn\u00e9es collect\u00e9es ne seront pas communiqu\u00e9es \u00e0 des tiers et seront conserv\u00e9es pendant cinq ans.<\/p>\n\n\n\n<p>Vous pouvez acc\u00e9der aux donn\u00e9es vous concernant, les rectifier, demander leur effacement, exercer votre droit \u00e0 la limitation du traitement de vos donn\u00e9es, ou poser toute autre question, en contactant le guide de montagne.<\/p>\n\n\n\n<p>Si vous estimez, apr\u00e8s nous avoir contact\u00e9s, que vos droits \u00ab Informatique et Libert\u00e9s \u00bb ne sont pas respect\u00e9s, vous pouvez consulter le site cnil.fr ou adresser une r\u00e9clamation \u00e0 la CNIL.<\/p>\n<\/div>\n\n\n\n<div class=\"wp-block-column is-layout-flow wp-block-column-is-layout-flow\" style=\"flex-basis:25%\"><\/div>\n<\/div>\n\n\n\n<div class=\"wp-block-columns is-layout-flex wp-container-core-columns-is-layout-28f84493 wp-block-columns-is-layout-flex\">\n<div class=\"wp-block-column is-layout-flow wp-block-column-is-layout-flow\"><\/div>\n\n\n\n<div class=\"wp-block-column is-layout-flow wp-block-column-is-layout-flow\"><\/div>\n\n\n\n<div class=\"wp-block-column is-layout-flow wp-block-column-is-layout-flow\"><\/div>\n<\/div>\n","protected":false},"excerpt":{"rendered":"<p>L\u2019achat d\u2019une Activit\u00e9 vendue par le Guide de Montagne Nacho Olmedo implique la connaissance et l&rsquo;acceptation pure et simple des pr\u00e9sentes conditions g\u00e9n\u00e9rales de vente. Article 1 &#8211; D\u00e9finition de la prestation Le Guide de Montagne d\u00e9livre une prestation d&rsquo;encadrement, d&rsquo;animation, d&rsquo;enseignement et d&rsquo;entra\u00eenement en s\u00e9curit\u00e9 de l&rsquo;alpinisme et de ses activit\u00e9s assimil\u00e9es, et exerce [&hellip;]<\/p>\n","protected":false},"author":1,"featured_media":0,"parent":0,"menu_order":0,"comment_status":"closed","ping_status":"closed","template":"","meta":{"zakra_sidebar_layout":"customizer","zakra_remove_content_margin":false,"zakra_sidebar":"customizer","zakra_transparent_header":"customizer","zakra_logo":0,"zakra_main_header_style":"default","zakra_menu_item_color":"","zakra_menu_item_hover_color":"","zakra_menu_item_active_color":"","zakra_menu_active_style":"","zakra_page_header":true,"_monsterinsights_skip_tracking":false,"_monsterinsights_sitenote_active":false,"_monsterinsights_sitenote_note":"","_monsterinsights_sitenote_category":0,"_joinchat":[],"footnotes":""},"class_list":["post-62","page","type-page","status-publish","hentry"],"yoast_head":"<!-- This site is optimized with the Yoast SEO plugin v27.0 - https:\/\/yoast.com\/product\/yoast-seo-wordpress\/ -->\n<title>CGV - Nacho Olmedo Manich<\/title>\n<meta name=\"robots\" content=\"index, follow, max-snippet:-1, max-image-preview:large, max-video-preview:-1\" \/>\n<link rel=\"canonical\" href=\"https:\/\/en-cordes.com\/index.php\/cgv\/\" \/>\n<meta property=\"og:locale\" content=\"fr_FR\" \/>\n<meta property=\"og:type\" content=\"article\" \/>\n<meta property=\"og:title\" content=\"CGV - Nacho Olmedo Manich\" \/>\n<meta property=\"og:description\" content=\"L\u2019achat d\u2019une Activit\u00e9 vendue par le Guide de Montagne Nacho Olmedo implique la connaissance et l&rsquo;acceptation pure et simple des pr\u00e9sentes conditions g\u00e9n\u00e9rales de vente. Article 1 &#8211; D\u00e9finition de la prestation Le Guide de Montagne d\u00e9livre une prestation d&rsquo;encadrement, d&rsquo;animation, d&rsquo;enseignement et d&rsquo;entra\u00eenement en s\u00e9curit\u00e9 de l&rsquo;alpinisme et de ses activit\u00e9s assimil\u00e9es, et exerce [&hellip;]\" \/>\n<meta property=\"og:url\" content=\"https:\/\/en-cordes.com\/index.php\/cgv\/\" \/>\n<meta property=\"og:site_name\" content=\"Nacho Olmedo Manich\" \/>\n<meta property=\"article:modified_time\" content=\"2026-03-25T07:35:54+00:00\" \/>\n<meta name=\"twitter:card\" content=\"summary_large_image\" \/>\n<meta name=\"twitter:label1\" content=\"Dur\u00e9e de lecture estim\u00e9e\" \/>\n\t<meta name=\"twitter:data1\" content=\"12 minutes\" \/>\n<script type=\"application\/ld+json\" class=\"yoast-schema-graph\">{\"@context\":\"https:\/\/schema.org\",\"@graph\":[{\"@type\":\"WebPage\",\"@id\":\"https:\/\/en-cordes.com\/index.php\/cgv\/\",\"url\":\"https:\/\/en-cordes.com\/index.php\/cgv\/\",\"name\":\"CGV - Nacho Olmedo Manich\",\"isPartOf\":{\"@id\":\"https:\/\/en-cordes.com\/#website\"},\"datePublished\":\"2021-03-18T14:18:51+00:00\",\"dateModified\":\"2026-03-25T07:35:54+00:00\",\"breadcrumb\":{\"@id\":\"https:\/\/en-cordes.com\/index.php\/cgv\/#breadcrumb\"},\"inLanguage\":\"fr-FR\",\"potentialAction\":[{\"@type\":\"ReadAction\",\"target\":[\"https:\/\/en-cordes.com\/index.php\/cgv\/\"]}]},{\"@type\":\"BreadcrumbList\",\"@id\":\"https:\/\/en-cordes.com\/index.php\/cgv\/#breadcrumb\",\"itemListElement\":[{\"@type\":\"ListItem\",\"position\":1,\"name\":\"Accueil\",\"item\":\"https:\/\/en-cordes.com\/\"},{\"@type\":\"ListItem\",\"position\":2,\"name\":\"CGV\"}]},{\"@type\":\"WebSite\",\"@id\":\"https:\/\/en-cordes.com\/#website\",\"url\":\"https:\/\/en-cordes.com\/\",\"name\":\"Nacho Olmedo Manich\",\"description\":\"Guide de Haute Montagne UIAGM\",\"publisher\":{\"@id\":\"https:\/\/en-cordes.com\/#organization\"},\"potentialAction\":[{\"@type\":\"SearchAction\",\"target\":{\"@type\":\"EntryPoint\",\"urlTemplate\":\"https:\/\/en-cordes.com\/?s={search_term_string}\"},\"query-input\":{\"@type\":\"PropertyValueSpecification\",\"valueRequired\":true,\"valueName\":\"search_term_string\"}}],\"inLanguage\":\"fr-FR\"},{\"@type\":\"Organization\",\"@id\":\"https:\/\/en-cordes.com\/#organization\",\"name\":\"Nacho Olmedo Manich\",\"url\":\"https:\/\/en-cordes.com\/\",\"logo\":{\"@type\":\"ImageObject\",\"inLanguage\":\"fr-FR\",\"@id\":\"https:\/\/en-cordes.com\/#\/schema\/logo\/image\/\",\"url\":\"https:\/\/en-cordes.com\/wp-content\/uploads\/2021\/09\/cropped-logo_white_2-1.png\",\"contentUrl\":\"https:\/\/en-cordes.com\/wp-content\/uploads\/2021\/09\/cropped-logo_white_2-1.png\",\"width\":1292,\"height\":1061,\"caption\":\"Nacho Olmedo Manich\"},\"image\":{\"@id\":\"https:\/\/en-cordes.com\/#\/schema\/logo\/image\/\"}}]}<\/script>\n<!-- \/ Yoast SEO plugin. -->","yoast_head_json":{"title":"CGV - Nacho Olmedo Manich","robots":{"index":"index","follow":"follow","max-snippet":"max-snippet:-1","max-image-preview":"max-image-preview:large","max-video-preview":"max-video-preview:-1"},"canonical":"https:\/\/en-cordes.com\/index.php\/cgv\/","og_locale":"fr_FR","og_type":"article","og_title":"CGV - Nacho Olmedo Manich","og_description":"L\u2019achat d\u2019une Activit\u00e9 vendue par le Guide de Montagne Nacho Olmedo implique la connaissance et l&rsquo;acceptation pure et simple des pr\u00e9sentes conditions g\u00e9n\u00e9rales de vente. Article 1 &#8211; D\u00e9finition de la prestation Le Guide de Montagne d\u00e9livre une prestation d&rsquo;encadrement, d&rsquo;animation, d&rsquo;enseignement et d&rsquo;entra\u00eenement en s\u00e9curit\u00e9 de l&rsquo;alpinisme et de ses activit\u00e9s assimil\u00e9es, et exerce [&hellip;]","og_url":"https:\/\/en-cordes.com\/index.php\/cgv\/","og_site_name":"Nacho Olmedo Manich","article_modified_time":"2026-03-25T07:35:54+00:00","twitter_card":"summary_large_image","twitter_misc":{"Dur\u00e9e de lecture estim\u00e9e":"12 minutes"},"schema":{"@context":"https:\/\/schema.org","@graph":[{"@type":"WebPage","@id":"https:\/\/en-cordes.com\/index.php\/cgv\/","url":"https:\/\/en-cordes.com\/index.php\/cgv\/","name":"CGV - Nacho Olmedo Manich","isPartOf":{"@id":"https:\/\/en-cordes.com\/#website"},"datePublished":"2021-03-18T14:18:51+00:00","dateModified":"2026-03-25T07:35:54+00:00","breadcrumb":{"@id":"https:\/\/en-cordes.com\/index.php\/cgv\/#breadcrumb"},"inLanguage":"fr-FR","potentialAction":[{"@type":"ReadAction","target":["https:\/\/en-cordes.com\/index.php\/cgv\/"]}]},{"@type":"BreadcrumbList","@id":"https:\/\/en-cordes.com\/index.php\/cgv\/#breadcrumb","itemListElement":[{"@type":"ListItem","position":1,"name":"Accueil","item":"https:\/\/en-cordes.com\/"},{"@type":"ListItem","position":2,"name":"CGV"}]},{"@type":"WebSite","@id":"https:\/\/en-cordes.com\/#website","url":"https:\/\/en-cordes.com\/","name":"Nacho Olmedo Manich","description":"Guide de Haute Montagne UIAGM","publisher":{"@id":"https:\/\/en-cordes.com\/#organization"},"potentialAction":[{"@type":"SearchAction","target":{"@type":"EntryPoint","urlTemplate":"https:\/\/en-cordes.com\/?s={search_term_string}"},"query-input":{"@type":"PropertyValueSpecification","valueRequired":true,"valueName":"search_term_string"}}],"inLanguage":"fr-FR"},{"@type":"Organization","@id":"https:\/\/en-cordes.com\/#organization","name":"Nacho Olmedo Manich","url":"https:\/\/en-cordes.com\/","logo":{"@type":"ImageObject","inLanguage":"fr-FR","@id":"https:\/\/en-cordes.com\/#\/schema\/logo\/image\/","url":"https:\/\/en-cordes.com\/wp-content\/uploads\/2021\/09\/cropped-logo_white_2-1.png","contentUrl":"https:\/\/en-cordes.com\/wp-content\/uploads\/2021\/09\/cropped-logo_white_2-1.png","width":1292,"height":1061,"caption":"Nacho Olmedo Manich"},"image":{"@id":"https:\/\/en-cordes.com\/#\/schema\/logo\/image\/"}}]}},"jetpack_sharing_enabled":true,"_links":{"self":[{"href":"https:\/\/en-cordes.com\/index.php\/wp-json\/wp\/v2\/pages\/62","targetHints":{"allow":["GET"]}}],"collection":[{"href":"https:\/\/en-cordes.com\/index.php\/wp-json\/wp\/v2\/pages"}],"about":[{"href":"https:\/\/en-cordes.com\/index.php\/wp-json\/wp\/v2\/types\/page"}],"author":[{"embeddable":true,"href":"https:\/\/en-cordes.com\/index.php\/wp-json\/wp\/v2\/users\/1"}],"replies":[{"embeddable":true,"href":"https:\/\/en-cordes.com\/index.php\/wp-json\/wp\/v2\/comments?post=62"}],"version-history":[{"count":6,"href":"https:\/\/en-cordes.com\/index.php\/wp-json\/wp\/v2\/pages\/62\/revisions"}],"predecessor-version":[{"id":769,"href":"https:\/\/en-cordes.com\/index.php\/wp-json\/wp\/v2\/pages\/62\/revisions\/769"}],"wp:attachment":[{"href":"https:\/\/en-cordes.com\/index.php\/wp-json\/wp\/v2\/media?parent=62"}],"curies":[{"name":"wp","href":"https:\/\/api.w.org\/{rel}","templated":true}]}}