{"id":828,"date":"2022-10-06T08:34:02","date_gmt":"2022-10-06T06:34:02","guid":{"rendered":"https:\/\/en-cordes.com\/?page_id=828"},"modified":"2022-10-06T08:34:17","modified_gmt":"2022-10-06T06:34:17","slug":"nacho-en","status":"publish","type":"page","link":"https:\/\/en-cordes.com\/index.php\/nacho-en\/","title":{"rendered":"Nacho &#8211; EN"},"content":{"rendered":"\n<h1 class=\"has-text-align-center wp-block-heading\">Nacho Olmedo Manich<\/h1>\n\n\n\n<div class=\"wp-block-cover is-light\"><span aria-hidden=\"true\" class=\"has-background-dim-10 wp-block-cover__gradient-background has-background-dim\"><\/span><img loading=\"lazy\" decoding=\"async\" width=\"2560\" height=\"1707\" class=\"wp-block-cover__image-background wp-image-777\" alt=\"\" src=\"https:\/\/en-cordes.com\/wp-content\/uploads\/2022\/03\/Sans-titrenn-scaled.jpg\" data-object-fit=\"cover\" srcset=\"https:\/\/en-cordes.com\/wp-content\/uploads\/2022\/03\/Sans-titrenn-scaled.jpg 2560w, https:\/\/en-cordes.com\/wp-content\/uploads\/2022\/03\/Sans-titrenn-scaled-600x400.jpg 600w, https:\/\/en-cordes.com\/wp-content\/uploads\/2022\/03\/Sans-titrenn-300x200.jpg 300w, https:\/\/en-cordes.com\/wp-content\/uploads\/2022\/03\/Sans-titrenn-1024x683.jpg 1024w, https:\/\/en-cordes.com\/wp-content\/uploads\/2022\/03\/Sans-titrenn-768x512.jpg 768w, https:\/\/en-cordes.com\/wp-content\/uploads\/2022\/03\/Sans-titrenn-1536x1024.jpg 1536w, https:\/\/en-cordes.com\/wp-content\/uploads\/2022\/03\/Sans-titrenn-2048x1365.jpg 2048w\" sizes=\"auto, (max-width: 2560px) 100vw, 2560px\" \/><div class=\"wp-block-cover__inner-container is-layout-flow wp-block-cover-is-layout-flow\">\n<p class=\"has-text-align-center has-large-font-size\"><\/p>\n<\/div><\/div>\n\n\n\n<div style=\"height:100px\" aria-hidden=\"true\" class=\"wp-block-spacer\"><\/div>\n\n\n\n<div class=\"wp-block-group is-layout-flow wp-block-group-is-layout-flow\">\n<div class=\"wp-block-columns are-vertically-aligned-center is-layout-flex wp-container-core-columns-is-layout-28f84493 wp-block-columns-is-layout-flex\">\n<div class=\"wp-block-column is-layout-flow wp-block-column-is-layout-flow\" style=\"flex-basis:9.4%\">\n<div style=\"height:100px\" aria-hidden=\"true\" class=\"wp-block-spacer\"><\/div>\n<\/div>\n\n\n\n<div class=\"wp-block-column is-vertically-aligned-center is-layout-flow wp-block-column-is-layout-flow\" style=\"flex-basis:40.1%\">\n<p class=\"has-text-align-left\">Skieur depuis tout petit dans les Pyr\u00e9n\u00e9es, je m&rsquo;investis dans les comp\u00e9titions internationales de freeride.  Je prends vite le go\u00fbt \u00e0 voyager avec les skis aux pieds, \u00e0 la d\u00e9couverte de diff\u00e9rents massifs. C&rsquo;est ainsi que je parcours l&rsquo;Europe, les Andes, la Sib\u00e9rie ou le Caucase toujours \u00e0 la recherche de la beaut\u00e9 des montagnes et le plaisir du ski de montagne. Les lattes laissent doucement la place aux piolets, crampons, coinceurs et chaussons.<\/p>\n<\/div>\n\n\n\n<div class=\"wp-block-column is-vertically-aligned-center is-layout-flow wp-block-column-is-layout-flow\" style=\"flex-basis:38.4%\">\n<div class=\"wp-block-image\"><figure class=\"aligncenter size-full is-resized\"><img loading=\"lazy\" decoding=\"async\" src=\"http:\/\/n-cordes.com\/wp-content\/uploads\/2021\/03\/JMT_20110715_553-edited-scaled.jpg\" alt=\"\" class=\"wp-image-194\" width=\"381\" height=\"381\" srcset=\"https:\/\/en-cordes.com\/wp-content\/uploads\/2021\/03\/JMT_20110715_553-edited-scaled.jpg 2560w, https:\/\/en-cordes.com\/wp-content\/uploads\/2021\/03\/JMT_20110715_553-edited-300x300.jpg 300w, https:\/\/en-cordes.com\/wp-content\/uploads\/2021\/03\/JMT_20110715_553-edited-scaled-100x100.jpg 100w, https:\/\/en-cordes.com\/wp-content\/uploads\/2021\/03\/JMT_20110715_553-edited-scaled-600x600.jpg 600w, https:\/\/en-cordes.com\/wp-content\/uploads\/2021\/03\/JMT_20110715_553-edited-1024x1024.jpg 1024w, https:\/\/en-cordes.com\/wp-content\/uploads\/2021\/03\/JMT_20110715_553-edited-150x150.jpg 150w, https:\/\/en-cordes.com\/wp-content\/uploads\/2021\/03\/JMT_20110715_553-edited-768x768.jpg 768w, https:\/\/en-cordes.com\/wp-content\/uploads\/2021\/03\/JMT_20110715_553-edited-1536x1536.jpg 1536w, https:\/\/en-cordes.com\/wp-content\/uploads\/2021\/03\/JMT_20110715_553-edited-2048x2048.jpg 2048w\" sizes=\"auto, (max-width: 381px) 100vw, 381px\" \/><\/figure><\/div>\n<\/div>\n\n\n\n<div class=\"wp-block-column is-layout-flow wp-block-column-is-layout-flow\" style=\"flex-basis:11.1%\">\n<div style=\"height:89px\" aria-hidden=\"true\" class=\"wp-block-spacer\"><\/div>\n<\/div>\n<\/div>\n<\/div>\n\n\n\n<div class=\"wp-block-columns is-layout-flex wp-container-core-columns-is-layout-28f84493 wp-block-columns-is-layout-flex\">\n<div class=\"wp-block-column is-layout-flow wp-block-column-is-layout-flow\" style=\"flex-basis:11.1%\">\n<div style=\"height:100px\" aria-hidden=\"true\" class=\"wp-block-spacer\"><\/div>\n\n\n\n<p><\/p>\n<\/div>\n\n\n\n<div class=\"wp-block-column is-layout-flow wp-block-column-is-layout-flow\" style=\"flex-basis:40.1%\">\n<div class=\"wp-block-image\"><figure class=\"aligncenter size-large is-resized\"><img loading=\"lazy\" decoding=\"async\" src=\"http:\/\/n-cordes.com\/wp-content\/uploads\/2021\/03\/2021-03-04_022_Ski-Albaron-02967-Copyright-Clement-GARAFFA-1-edited-scaled.jpg\" alt=\"\" class=\"wp-image-179\" width=\"369\" height=\"369\" srcset=\"https:\/\/en-cordes.com\/wp-content\/uploads\/2021\/03\/2021-03-04_022_Ski-Albaron-02967-Copyright-Clement-GARAFFA-1-edited-scaled.jpg 2560w, https:\/\/en-cordes.com\/wp-content\/uploads\/2021\/03\/2021-03-04_022_Ski-Albaron-02967-Copyright-Clement-GARAFFA-1-edited-300x300.jpg 300w, https:\/\/en-cordes.com\/wp-content\/uploads\/2021\/03\/2021-03-04_022_Ski-Albaron-02967-Copyright-Clement-GARAFFA-1-edited-scaled-100x100.jpg 100w, https:\/\/en-cordes.com\/wp-content\/uploads\/2021\/03\/2021-03-04_022_Ski-Albaron-02967-Copyright-Clement-GARAFFA-1-edited-scaled-600x600.jpg 600w, https:\/\/en-cordes.com\/wp-content\/uploads\/2021\/03\/2021-03-04_022_Ski-Albaron-02967-Copyright-Clement-GARAFFA-1-edited-1024x1024.jpg 1024w, https:\/\/en-cordes.com\/wp-content\/uploads\/2021\/03\/2021-03-04_022_Ski-Albaron-02967-Copyright-Clement-GARAFFA-1-edited-150x150.jpg 150w, https:\/\/en-cordes.com\/wp-content\/uploads\/2021\/03\/2021-03-04_022_Ski-Albaron-02967-Copyright-Clement-GARAFFA-1-edited-768x768.jpg 768w, https:\/\/en-cordes.com\/wp-content\/uploads\/2021\/03\/2021-03-04_022_Ski-Albaron-02967-Copyright-Clement-GARAFFA-1-edited-1536x1536.jpg 1536w, https:\/\/en-cordes.com\/wp-content\/uploads\/2021\/03\/2021-03-04_022_Ski-Albaron-02967-Copyright-Clement-GARAFFA-1-edited-2048x2048.jpg 2048w\" sizes=\"auto, (max-width: 369px) 100vw, 369px\" \/><\/figure><\/div>\n<\/div>\n\n\n\n<div class=\"wp-block-column is-layout-flow wp-block-column-is-layout-flow\" style=\"flex-basis:40.1%\">\n<div style=\"height:69px\" aria-hidden=\"true\" class=\"wp-block-spacer\"><\/div>\n\n\n\n<p>J&rsquo;arrive \u00e0 Grenoble en 2010 pour finir mes \u00e9tudes d&rsquo;ing\u00e9nieur. Tout s&rsquo;enchaine et je deviens docteur dans le domaine des risques naturels. Les chutes de pierres et les avalanches deviennent le coeur de mon m\u00e9tier. <\/p>\n\n\n\n<p>En parall\u00e8le, mon int\u00e9r\u00eat pour la neige et les avalanches se concr\u00e9tise  et je donne des formations de neige et avalanches dans les Pyr\u00e9n\u00e9es.  Ainsi je d\u00e9couvre le plaisir de l&rsquo;encadrement, la transmission de connaissances et l&rsquo;accompagnement. <\/p>\n<\/div>\n\n\n\n<div class=\"wp-block-column is-layout-flow wp-block-column-is-layout-flow\" style=\"flex-basis:11.1%\">\n<div style=\"height:100px\" aria-hidden=\"true\" class=\"wp-block-spacer\"><\/div>\n<\/div>\n<\/div>\n\n\n\n<div class=\"wp-block-columns is-layout-flex wp-container-core-columns-is-layout-28f84493 wp-block-columns-is-layout-flex\">\n<div class=\"wp-block-column is-layout-flow wp-block-column-is-layout-flow\" style=\"flex-basis:11.1%\">\n<div style=\"height:100px\" aria-hidden=\"true\" class=\"wp-block-spacer\"><\/div>\n\n\n\n<p> <\/p>\n<\/div>\n\n\n\n<div class=\"wp-block-column is-layout-flow wp-block-column-is-layout-flow\" style=\"flex-basis:40.1%\">\n<div style=\"height:91px\" aria-hidden=\"true\" class=\"wp-block-spacer\"><\/div>\n\n\n\n<p class=\"has-text-align-left\">En 2020 un r\u00eave se concr\u00e9tise et je rentre en formation de guide de haute montagne \u00e0 l&rsquo;Ecole Nationale de Ski et Alpinisme (ENSA) \u00e0 Chamonix. <\/p>\n\n\n\n<p class=\"has-text-align-left\">Vous me trouverez sur le rocher, la neige ou la glace pr\u00eat \u00e0 vous aider \u00e0 r\u00e9aliser vos projets en montagne et \u00e0 vous aider \u00e0 progresser. Construisons ensemble nos objectifs et partageons des moments uniques l\u00e0 haut!   <\/p>\n<\/div>\n\n\n\n<div class=\"wp-block-column is-layout-flow wp-block-column-is-layout-flow\" style=\"flex-basis:40.1%\">\n<div class=\"wp-block-image is-style-default\"><figure class=\"aligncenter size-full is-resized\"><img loading=\"lazy\" decoding=\"async\" src=\"http:\/\/n-cordes.com\/wp-content\/uploads\/2021\/03\/2021-03-04_032_Ski-Albaron-03028-Copyright-Clement-GARAFFA-1-edited-1-scaled.jpg\" alt=\"\" class=\"wp-image-126\" width=\"381\" height=\"382\" srcset=\"https:\/\/en-cordes.com\/wp-content\/uploads\/2021\/03\/2021-03-04_032_Ski-Albaron-03028-Copyright-Clement-GARAFFA-1-edited-1-scaled.jpg 2554w, https:\/\/en-cordes.com\/wp-content\/uploads\/2021\/03\/2021-03-04_032_Ski-Albaron-03028-Copyright-Clement-GARAFFA-1-edited-1-300x300.jpg 300w, https:\/\/en-cordes.com\/wp-content\/uploads\/2021\/03\/2021-03-04_032_Ski-Albaron-03028-Copyright-Clement-GARAFFA-1-edited-1-scaled-100x100.jpg 100w, https:\/\/en-cordes.com\/wp-content\/uploads\/2021\/03\/2021-03-04_032_Ski-Albaron-03028-Copyright-Clement-GARAFFA-1-edited-1-scaled-600x601.jpg 600w, https:\/\/en-cordes.com\/wp-content\/uploads\/2021\/03\/2021-03-04_032_Ski-Albaron-03028-Copyright-Clement-GARAFFA-1-edited-1-1022x1024.jpg 1022w, https:\/\/en-cordes.com\/wp-content\/uploads\/2021\/03\/2021-03-04_032_Ski-Albaron-03028-Copyright-Clement-GARAFFA-1-edited-1-150x150.jpg 150w, https:\/\/en-cordes.com\/wp-content\/uploads\/2021\/03\/2021-03-04_032_Ski-Albaron-03028-Copyright-Clement-GARAFFA-1-edited-1-768x770.jpg 768w, https:\/\/en-cordes.com\/wp-content\/uploads\/2021\/03\/2021-03-04_032_Ski-Albaron-03028-Copyright-Clement-GARAFFA-1-edited-1-1532x1536.jpg 1532w, https:\/\/en-cordes.com\/wp-content\/uploads\/2021\/03\/2021-03-04_032_Ski-Albaron-03028-Copyright-Clement-GARAFFA-1-edited-1-2043x2048.jpg 2043w\" sizes=\"auto, (max-width: 381px) 100vw, 381px\" \/><\/figure><\/div>\n<\/div>\n\n\n\n<div class=\"wp-block-column is-layout-flow wp-block-column-is-layout-flow\" style=\"flex-basis:11.1%\">\n<div style=\"height:100px\" aria-hidden=\"true\" class=\"wp-block-spacer\"><\/div>\n<\/div>\n<\/div>\n","protected":false},"excerpt":{"rendered":"<p>Nacho Olmedo Manich Skieur depuis tout petit dans les Pyr\u00e9n\u00e9es, je m&rsquo;investis dans les comp\u00e9titions internationales de freeride. Je prends vite le go\u00fbt \u00e0 voyager avec les skis aux pieds, \u00e0 la d\u00e9couverte de diff\u00e9rents massifs. C&rsquo;est ainsi que je parcours l&rsquo;Europe, les Andes, la Sib\u00e9rie ou le Caucase toujours \u00e0 la recherche de la [&hellip;]<\/p>\n","protected":false},"author":1,"featured_media":0,"parent":0,"menu_order":0,"comment_status":"closed","ping_status":"closed","template":"","meta":{"zakra_sidebar_layout":"contained","zakra_remove_content_margin":false,"zakra_sidebar":"customizer","zakra_transparent_header":"customizer","zakra_logo":0,"zakra_main_header_style":"default","zakra_menu_item_color":"","zakra_menu_item_hover_color":"#21647c","zakra_menu_item_active_color":"#346daa","zakra_menu_active_style":"","zakra_page_header":true,"_monsterinsights_skip_tracking":false,"_monsterinsights_sitenote_active":false,"_monsterinsights_sitenote_note":"","_monsterinsights_sitenote_category":0,"_joinchat":[],"footnotes":""},"class_list":["post-828","page","type-page","status-publish","hentry"],"yoast_head":"<!-- This site is optimized with the Yoast SEO plugin v27.0 - https:\/\/yoast.com\/product\/yoast-seo-wordpress\/ -->\n<title>Nacho - EN - Nacho Olmedo Manich<\/title>\n<meta name=\"robots\" content=\"index, follow, max-snippet:-1, max-image-preview:large, max-video-preview:-1\" \/>\n<link rel=\"canonical\" href=\"https:\/\/en-cordes.com\/index.php\/nacho-en\/\" \/>\n<meta property=\"og:locale\" content=\"fr_FR\" \/>\n<meta property=\"og:type\" content=\"article\" \/>\n<meta property=\"og:title\" content=\"Nacho - EN - Nacho Olmedo Manich\" \/>\n<meta property=\"og:description\" content=\"Nacho Olmedo Manich Skieur depuis tout petit dans les Pyr\u00e9n\u00e9es, je m&rsquo;investis dans les comp\u00e9titions internationales de freeride. Je prends vite le go\u00fbt \u00e0 voyager avec les skis aux pieds, \u00e0 la d\u00e9couverte de diff\u00e9rents massifs. C&rsquo;est ainsi que je parcours l&rsquo;Europe, les Andes, la Sib\u00e9rie ou le Caucase toujours \u00e0 la recherche de la [&hellip;]\" \/>\n<meta property=\"og:url\" content=\"https:\/\/en-cordes.com\/index.php\/nacho-en\/\" \/>\n<meta property=\"og:site_name\" content=\"Nacho Olmedo Manich\" \/>\n<meta property=\"article:modified_time\" content=\"2022-10-06T06:34:17+00:00\" \/>\n<meta property=\"og:image\" content=\"https:\/\/en-cordes.com\/wp-content\/uploads\/2022\/03\/Sans-titrenn-scaled.jpg\" \/>\n\t<meta property=\"og:image:width\" content=\"2560\" \/>\n\t<meta property=\"og:image:height\" content=\"1707\" \/>\n\t<meta property=\"og:image:type\" content=\"image\/jpeg\" \/>\n<meta name=\"twitter:card\" content=\"summary_large_image\" \/>\n<meta name=\"twitter:label1\" content=\"Dur\u00e9e de lecture estim\u00e9e\" \/>\n\t<meta name=\"twitter:data1\" content=\"1 minute\" \/>\n<script type=\"application\/ld+json\" class=\"yoast-schema-graph\">{\"@context\":\"https:\/\/schema.org\",\"@graph\":[{\"@type\":\"WebPage\",\"@id\":\"https:\/\/en-cordes.com\/index.php\/nacho-en\/\",\"url\":\"https:\/\/en-cordes.com\/index.php\/nacho-en\/\",\"name\":\"Nacho - EN - Nacho Olmedo Manich\",\"isPartOf\":{\"@id\":\"https:\/\/en-cordes.com\/#website\"},\"primaryImageOfPage\":{\"@id\":\"https:\/\/en-cordes.com\/index.php\/nacho-en\/#primaryimage\"},\"image\":{\"@id\":\"https:\/\/en-cordes.com\/index.php\/nacho-en\/#primaryimage\"},\"thumbnailUrl\":\"https:\/\/en-cordes.com\/wp-content\/uploads\/2022\/03\/Sans-titrenn-scaled.jpg\",\"datePublished\":\"2022-10-06T06:34:02+00:00\",\"dateModified\":\"2022-10-06T06:34:17+00:00\",\"breadcrumb\":{\"@id\":\"https:\/\/en-cordes.com\/index.php\/nacho-en\/#breadcrumb\"},\"inLanguage\":\"fr-FR\",\"potentialAction\":[{\"@type\":\"ReadAction\",\"target\":[\"https:\/\/en-cordes.com\/index.php\/nacho-en\/\"]}]},{\"@type\":\"ImageObject\",\"inLanguage\":\"fr-FR\",\"@id\":\"https:\/\/en-cordes.com\/index.php\/nacho-en\/#primaryimage\",\"url\":\"https:\/\/en-cordes.com\/wp-content\/uploads\/2022\/03\/Sans-titrenn-scaled.jpg\",\"contentUrl\":\"https:\/\/en-cordes.com\/wp-content\/uploads\/2022\/03\/Sans-titrenn-scaled.jpg\",\"width\":2560,\"height\":1707},{\"@type\":\"BreadcrumbList\",\"@id\":\"https:\/\/en-cordes.com\/index.php\/nacho-en\/#breadcrumb\",\"itemListElement\":[{\"@type\":\"ListItem\",\"position\":1,\"name\":\"Accueil\",\"item\":\"https:\/\/en-cordes.com\/\"},{\"@type\":\"ListItem\",\"position\":2,\"name\":\"Nacho &#8211; EN\"}]},{\"@type\":\"WebSite\",\"@id\":\"https:\/\/en-cordes.com\/#website\",\"url\":\"https:\/\/en-cordes.com\/\",\"name\":\"Nacho Olmedo Manich\",\"description\":\"Guide de Haute Montagne UIAGM\",\"publisher\":{\"@id\":\"https:\/\/en-cordes.com\/#organization\"},\"potentialAction\":[{\"@type\":\"SearchAction\",\"target\":{\"@type\":\"EntryPoint\",\"urlTemplate\":\"https:\/\/en-cordes.com\/?s={search_term_string}\"},\"query-input\":{\"@type\":\"PropertyValueSpecification\",\"valueRequired\":true,\"valueName\":\"search_term_string\"}}],\"inLanguage\":\"fr-FR\"},{\"@type\":\"Organization\",\"@id\":\"https:\/\/en-cordes.com\/#organization\",\"name\":\"Nacho Olmedo Manich\",\"url\":\"https:\/\/en-cordes.com\/\",\"logo\":{\"@type\":\"ImageObject\",\"inLanguage\":\"fr-FR\",\"@id\":\"https:\/\/en-cordes.com\/#\/schema\/logo\/image\/\",\"url\":\"https:\/\/en-cordes.com\/wp-content\/uploads\/2021\/09\/cropped-logo_white_2-1.png\",\"contentUrl\":\"https:\/\/en-cordes.com\/wp-content\/uploads\/2021\/09\/cropped-logo_white_2-1.png\",\"width\":1292,\"height\":1061,\"caption\":\"Nacho Olmedo Manich\"},\"image\":{\"@id\":\"https:\/\/en-cordes.com\/#\/schema\/logo\/image\/\"}}]}<\/script>\n<!-- \/ Yoast SEO plugin. -->","yoast_head_json":{"title":"Nacho - EN - Nacho Olmedo Manich","robots":{"index":"index","follow":"follow","max-snippet":"max-snippet:-1","max-image-preview":"max-image-preview:large","max-video-preview":"max-video-preview:-1"},"canonical":"https:\/\/en-cordes.com\/index.php\/nacho-en\/","og_locale":"fr_FR","og_type":"article","og_title":"Nacho - EN - Nacho Olmedo Manich","og_description":"Nacho Olmedo Manich Skieur depuis tout petit dans les Pyr\u00e9n\u00e9es, je m&rsquo;investis dans les comp\u00e9titions internationales de freeride. Je prends vite le go\u00fbt \u00e0 voyager avec les skis aux pieds, \u00e0 la d\u00e9couverte de diff\u00e9rents massifs. C&rsquo;est ainsi que je parcours l&rsquo;Europe, les Andes, la Sib\u00e9rie ou le Caucase toujours \u00e0 la recherche de la [&hellip;]","og_url":"https:\/\/en-cordes.com\/index.php\/nacho-en\/","og_site_name":"Nacho Olmedo Manich","article_modified_time":"2022-10-06T06:34:17+00:00","og_image":[{"width":2560,"height":1707,"url":"https:\/\/en-cordes.com\/wp-content\/uploads\/2022\/03\/Sans-titrenn-scaled.jpg","type":"image\/jpeg"}],"twitter_card":"summary_large_image","twitter_misc":{"Dur\u00e9e de lecture estim\u00e9e":"1 minute"},"schema":{"@context":"https:\/\/schema.org","@graph":[{"@type":"WebPage","@id":"https:\/\/en-cordes.com\/index.php\/nacho-en\/","url":"https:\/\/en-cordes.com\/index.php\/nacho-en\/","name":"Nacho - EN - Nacho Olmedo Manich","isPartOf":{"@id":"https:\/\/en-cordes.com\/#website"},"primaryImageOfPage":{"@id":"https:\/\/en-cordes.com\/index.php\/nacho-en\/#primaryimage"},"image":{"@id":"https:\/\/en-cordes.com\/index.php\/nacho-en\/#primaryimage"},"thumbnailUrl":"https:\/\/en-cordes.com\/wp-content\/uploads\/2022\/03\/Sans-titrenn-scaled.jpg","datePublished":"2022-10-06T06:34:02+00:00","dateModified":"2022-10-06T06:34:17+00:00","breadcrumb":{"@id":"https:\/\/en-cordes.com\/index.php\/nacho-en\/#breadcrumb"},"inLanguage":"fr-FR","potentialAction":[{"@type":"ReadAction","target":["https:\/\/en-cordes.com\/index.php\/nacho-en\/"]}]},{"@type":"ImageObject","inLanguage":"fr-FR","@id":"https:\/\/en-cordes.com\/index.php\/nacho-en\/#primaryimage","url":"https:\/\/en-cordes.com\/wp-content\/uploads\/2022\/03\/Sans-titrenn-scaled.jpg","contentUrl":"https:\/\/en-cordes.com\/wp-content\/uploads\/2022\/03\/Sans-titrenn-scaled.jpg","width":2560,"height":1707},{"@type":"BreadcrumbList","@id":"https:\/\/en-cordes.com\/index.php\/nacho-en\/#breadcrumb","itemListElement":[{"@type":"ListItem","position":1,"name":"Accueil","item":"https:\/\/en-cordes.com\/"},{"@type":"ListItem","position":2,"name":"Nacho &#8211; EN"}]},{"@type":"WebSite","@id":"https:\/\/en-cordes.com\/#website","url":"https:\/\/en-cordes.com\/","name":"Nacho Olmedo Manich","description":"Guide de Haute Montagne UIAGM","publisher":{"@id":"https:\/\/en-cordes.com\/#organization"},"potentialAction":[{"@type":"SearchAction","target":{"@type":"EntryPoint","urlTemplate":"https:\/\/en-cordes.com\/?s={search_term_string}"},"query-input":{"@type":"PropertyValueSpecification","valueRequired":true,"valueName":"search_term_string"}}],"inLanguage":"fr-FR"},{"@type":"Organization","@id":"https:\/\/en-cordes.com\/#organization","name":"Nacho Olmedo Manich","url":"https:\/\/en-cordes.com\/","logo":{"@type":"ImageObject","inLanguage":"fr-FR","@id":"https:\/\/en-cordes.com\/#\/schema\/logo\/image\/","url":"https:\/\/en-cordes.com\/wp-content\/uploads\/2021\/09\/cropped-logo_white_2-1.png","contentUrl":"https:\/\/en-cordes.com\/wp-content\/uploads\/2021\/09\/cropped-logo_white_2-1.png","width":1292,"height":1061,"caption":"Nacho Olmedo Manich"},"image":{"@id":"https:\/\/en-cordes.com\/#\/schema\/logo\/image\/"}}]}},"jetpack_sharing_enabled":true,"_links":{"self":[{"href":"https:\/\/en-cordes.com\/index.php\/wp-json\/wp\/v2\/pages\/828","targetHints":{"allow":["GET"]}}],"collection":[{"href":"https:\/\/en-cordes.com\/index.php\/wp-json\/wp\/v2\/pages"}],"about":[{"href":"https:\/\/en-cordes.com\/index.php\/wp-json\/wp\/v2\/types\/page"}],"author":[{"embeddable":true,"href":"https:\/\/en-cordes.com\/index.php\/wp-json\/wp\/v2\/users\/1"}],"replies":[{"embeddable":true,"href":"https:\/\/en-cordes.com\/index.php\/wp-json\/wp\/v2\/comments?post=828"}],"version-history":[{"count":1,"href":"https:\/\/en-cordes.com\/index.php\/wp-json\/wp\/v2\/pages\/828\/revisions"}],"predecessor-version":[{"id":829,"href":"https:\/\/en-cordes.com\/index.php\/wp-json\/wp\/v2\/pages\/828\/revisions\/829"}],"wp:attachment":[{"href":"https:\/\/en-cordes.com\/index.php\/wp-json\/wp\/v2\/media?parent=828"}],"curies":[{"name":"wp","href":"https:\/\/api.w.org\/{rel}","templated":true}]}}