{"id":893,"date":"2023-10-17T17:41:02","date_gmt":"2023-10-17T15:41:02","guid":{"rendered":"https:\/\/en-cordes.com\/?page_id=893"},"modified":"2025-10-02T07:38:26","modified_gmt":"2025-10-02T05:38:26","slug":"faire-la-trace","status":"publish","type":"page","link":"https:\/\/en-cordes.com\/index.php\/faire-la-trace\/","title":{"rendered":"Faire la trace"},"content":{"rendered":"\n<h1 class=\"wp-block-heading has-text-align-center\">Formation: Faire la trace<\/h1>\n\n\n\n<div style=\"height:100px\" aria-hidden=\"true\" class=\"wp-block-spacer\"><\/div>\n\n\n\n<div class=\"wp-block-group is-layout-flow wp-block-group-is-layout-flow\">\n<div class=\"wp-block-columns are-vertically-aligned-center is-layout-flex wp-container-core-columns-is-layout-28f84493 wp-block-columns-is-layout-flex\">\n<div class=\"wp-block-column is-layout-flow wp-block-column-is-layout-flow\" style=\"flex-basis:9.4%\">\n<div style=\"height:100px\" aria-hidden=\"true\" class=\"wp-block-spacer\"><\/div>\n<\/div>\n\n\n\n<div class=\"wp-block-column is-vertically-aligned-center is-layout-flow wp-block-column-is-layout-flow\" style=\"flex-basis:40.1%\">\n<h4 class=\"wp-block-heading\">Introduction<\/h4>\n\n\n\n<p class=\"has-text-align-left\">\u00ab\u00a0Faire la trace\u00a0\u00bb est une formation faisant partie du programme de formation de l&rsquo;ANENA. Cette formation est destin\u00e9e aux skieurs et snowboardeurs hors piste et randonn\u00e9e voulant maitriser les diff\u00e9rents aspects de la gestion du risque en montagne hivernale de forme autonome.<\/p>\n\n\n\n<p>Les participants approfondiront dans la preparation et conduite des sorties de ski<\/p>\n\n\n\n<p>Comme pour l&rsquo;ensemble des formations ANENA, nous privil\u00e9gions un apprentissage en faisant. Des s\u00e9ances th\u00e9oriques sont n\u00e9cessaires pour introduire certains concepts qui seront approfondis sur le terrain. Nous apprenons en faisant et en touchant!<\/p>\n<\/div>\n\n\n\n<div class=\"wp-block-column is-vertically-aligned-center is-layout-flow wp-block-column-is-layout-flow\" style=\"flex-basis:38.4%\">\n<figure class=\"wp-block-image aligncenter size-large is-resized\"><img loading=\"lazy\" decoding=\"async\" width=\"1024\" height=\"768\" src=\"https:\/\/en-cordes.com\/wp-content\/uploads\/2025\/09\/WhatsApp-Image-2025-02-23-at-18.05.29-1024x768.jpeg\" alt=\"\" class=\"wp-image-1034\" srcset=\"https:\/\/en-cordes.com\/wp-content\/uploads\/2025\/09\/WhatsApp-Image-2025-02-23-at-18.05.29-1024x768.jpeg 1024w, https:\/\/en-cordes.com\/wp-content\/uploads\/2025\/09\/WhatsApp-Image-2025-02-23-at-18.05.29-300x225.jpeg 300w, https:\/\/en-cordes.com\/wp-content\/uploads\/2025\/09\/WhatsApp-Image-2025-02-23-at-18.05.29-768x576.jpeg 768w, https:\/\/en-cordes.com\/wp-content\/uploads\/2025\/09\/WhatsApp-Image-2025-02-23-at-18.05.29-1536x1153.jpeg 1536w, https:\/\/en-cordes.com\/wp-content\/uploads\/2025\/09\/WhatsApp-Image-2025-02-23-at-18.05.29.jpeg 1599w\" sizes=\"auto, (max-width: 1024px) 100vw, 1024px\" \/><\/figure>\n<\/div>\n\n\n\n<div class=\"wp-block-column is-layout-flow wp-block-column-is-layout-flow\" style=\"flex-basis:11.1%\">\n<div style=\"height:89px\" aria-hidden=\"true\" class=\"wp-block-spacer\"><\/div>\n<\/div>\n<\/div>\n<\/div>\n\n\n\n<div class=\"wp-block-columns is-layout-flex wp-container-core-columns-is-layout-28f84493 wp-block-columns-is-layout-flex\">\n<div class=\"wp-block-column is-layout-flow wp-block-column-is-layout-flow\" style=\"flex-basis:11.1%\">\n<div style=\"height:100px\" aria-hidden=\"true\" class=\"wp-block-spacer\"><\/div>\n\n\n\n<p><\/p>\n<\/div>\n\n\n\n<div class=\"wp-block-column is-vertically-aligned-center is-layout-flow wp-block-column-is-layout-flow\" style=\"flex-basis:40.1%\">\n<figure class=\"wp-block-image aligncenter size-large\"><img loading=\"lazy\" decoding=\"async\" width=\"1024\" height=\"576\" src=\"https:\/\/en-cordes.com\/wp-content\/uploads\/2023\/10\/DSCF6015-1024x576.jpg\" alt=\"\" class=\"wp-image-883\" srcset=\"https:\/\/en-cordes.com\/wp-content\/uploads\/2023\/10\/DSCF6015-1024x576.jpg 1024w, https:\/\/en-cordes.com\/wp-content\/uploads\/2023\/10\/DSCF6015-scaled-600x338.jpg 600w, https:\/\/en-cordes.com\/wp-content\/uploads\/2023\/10\/DSCF6015-300x169.jpg 300w, https:\/\/en-cordes.com\/wp-content\/uploads\/2023\/10\/DSCF6015-768x432.jpg 768w, https:\/\/en-cordes.com\/wp-content\/uploads\/2023\/10\/DSCF6015-1536x864.jpg 1536w, https:\/\/en-cordes.com\/wp-content\/uploads\/2023\/10\/DSCF6015-2048x1152.jpg 2048w\" sizes=\"auto, (max-width: 1024px) 100vw, 1024px\" \/><\/figure>\n<\/div>\n\n\n\n<div class=\"wp-block-column is-layout-flow wp-block-column-is-layout-flow\" style=\"flex-basis:40.1%\">\n<div style=\"height:27px\" aria-hidden=\"true\" class=\"wp-block-spacer\"><\/div>\n\n\n\n<h4 class=\"wp-block-heading\">Organisation et logistique<\/h4>\n\n\n\n<p class=\"has-text-align-left\">Pour un meilleur apprentissage et confort, je donne cette formation en refuge gard\u00e9 ou g\u00eete. Cela permet une immersion totale dans la pratique. En \u00e9tant sur place nous pouvons profiter de plus de temps pour aborder les contenus de la formation.<\/p>\n\n\n\n<p class=\"has-text-align-left\">La formation d\u00e9bute par une s\u00e9ance en salle avant d&rsquo;aller sur le terrain. La nuit se fait dans un refuge gard\u00e9 ou dans un gite. Le rdv est sur place et le covoiturage est encourag\u00e9 et privil\u00e9gi\u00e9.<\/p>\n\n\n\n<p><\/p>\n<\/div>\n\n\n\n<div class=\"wp-block-column is-layout-flow wp-block-column-is-layout-flow\" style=\"flex-basis:11.1%\">\n<div style=\"height:100px\" aria-hidden=\"true\" class=\"wp-block-spacer\"><\/div>\n<\/div>\n<\/div>\n\n\n\n<div class=\"wp-block-columns is-layout-flex wp-container-core-columns-is-layout-28f84493 wp-block-columns-is-layout-flex\">\n<div class=\"wp-block-column is-layout-flow wp-block-column-is-layout-flow\" style=\"flex-basis:11.1%\">\n<div style=\"height:100px\" aria-hidden=\"true\" class=\"wp-block-spacer\"><\/div>\n\n\n\n<p><\/p>\n<\/div>\n\n\n\n<div class=\"wp-block-column is-layout-flow wp-block-column-is-layout-flow\" style=\"flex-basis:40.1%\">\n<div style=\"height:22px\" aria-hidden=\"true\" class=\"wp-block-spacer\"><\/div>\n\n\n\n<h4 class=\"wp-block-heading\">Autres informations: <\/h4>\n\n\n\n<p>Dur\u00e9e: 2 jours<br>Nombre de participants max.: 6<br>Niveau:  Les participants doivent avoir particip\u00e9 \u00e0 une formation \u00ab\u00a0comprendre la trace\u00a0\u00bb ou \u00e9quivalente. <br>Les participants doivent \u00eatre capables de pouvoir r\u00e9aliser une sortie de ski de randonn\u00e9e de 800m et capables de descendre en toute neige.<br>Mat\u00e9riel: mat\u00e9riel de ski de randonn\u00e9e, DVA, pelle et sonde, v\u00eatements adapt\u00e9s \u00e0 la pratique du ski de randonn\u00e9e.<br>Des supports p\u00e9dagogiques sont inclus dans le prix de la formation<br>Inscriptions: me contacter par mail ou t\u00e9l\u00e9phone<\/p>\n<\/div>\n\n\n\n<div class=\"wp-block-column is-vertically-aligned-center is-layout-flow wp-block-column-is-layout-flow\" style=\"flex-basis:40.1%\">\n<figure class=\"wp-block-image aligncenter size-large is-style-default\"><img loading=\"lazy\" decoding=\"async\" width=\"1024\" height=\"683\" src=\"https:\/\/en-cordes.com\/wp-content\/uploads\/2023\/10\/2021-01-31_043_Ski-Maurienne-Ortovox-00707_LOW1600-Copyright-Clement-GARAFFA-1024x683.jpg\" alt=\"\" class=\"wp-image-895\" srcset=\"https:\/\/en-cordes.com\/wp-content\/uploads\/2023\/10\/2021-01-31_043_Ski-Maurienne-Ortovox-00707_LOW1600-Copyright-Clement-GARAFFA-1024x683.jpg 1024w, https:\/\/en-cordes.com\/wp-content\/uploads\/2023\/10\/2021-01-31_043_Ski-Maurienne-Ortovox-00707_LOW1600-Copyright-Clement-GARAFFA-600x400.jpg 600w, https:\/\/en-cordes.com\/wp-content\/uploads\/2023\/10\/2021-01-31_043_Ski-Maurienne-Ortovox-00707_LOW1600-Copyright-Clement-GARAFFA-300x200.jpg 300w, https:\/\/en-cordes.com\/wp-content\/uploads\/2023\/10\/2021-01-31_043_Ski-Maurienne-Ortovox-00707_LOW1600-Copyright-Clement-GARAFFA-768x512.jpg 768w, https:\/\/en-cordes.com\/wp-content\/uploads\/2023\/10\/2021-01-31_043_Ski-Maurienne-Ortovox-00707_LOW1600-Copyright-Clement-GARAFFA-1536x1024.jpg 1536w, https:\/\/en-cordes.com\/wp-content\/uploads\/2023\/10\/2021-01-31_043_Ski-Maurienne-Ortovox-00707_LOW1600-Copyright-Clement-GARAFFA.jpg 1600w\" sizes=\"auto, (max-width: 1024px) 100vw, 1024px\" \/><\/figure>\n<\/div>\n\n\n\n<div class=\"wp-block-column is-layout-flow wp-block-column-is-layout-flow\" style=\"flex-basis:11.1%\">\n<div style=\"height:100px\" aria-hidden=\"true\" class=\"wp-block-spacer\"><\/div>\n<\/div>\n<\/div>\n\n\n\n<div class=\"wp-block-cover is-light\"><img loading=\"lazy\" decoding=\"async\" width=\"1024\" height=\"768\" class=\"wp-block-cover__image-background wp-image-1034 size-large\" alt=\"\" src=\"https:\/\/en-cordes.com\/wp-content\/uploads\/2025\/09\/WhatsApp-Image-2025-02-23-at-18.05.29-1024x768.jpeg\" data-object-fit=\"cover\" srcset=\"https:\/\/en-cordes.com\/wp-content\/uploads\/2025\/09\/WhatsApp-Image-2025-02-23-at-18.05.29-1024x768.jpeg 1024w, https:\/\/en-cordes.com\/wp-content\/uploads\/2025\/09\/WhatsApp-Image-2025-02-23-at-18.05.29-300x225.jpeg 300w, https:\/\/en-cordes.com\/wp-content\/uploads\/2025\/09\/WhatsApp-Image-2025-02-23-at-18.05.29-768x576.jpeg 768w, https:\/\/en-cordes.com\/wp-content\/uploads\/2025\/09\/WhatsApp-Image-2025-02-23-at-18.05.29-1536x1153.jpeg 1536w, https:\/\/en-cordes.com\/wp-content\/uploads\/2025\/09\/WhatsApp-Image-2025-02-23-at-18.05.29.jpeg 1599w\" sizes=\"auto, (max-width: 1024px) 100vw, 1024px\" \/><span aria-hidden=\"true\" class=\"wp-block-cover__background has-background-dim\" style=\"background-color:#98a2b8\"><\/span><div class=\"wp-block-cover__inner-container is-layout-constrained wp-block-cover-is-layout-constrained\">\n<p class=\"has-text-align-center has-white-color has-text-color has-link-color has-large-font-size wp-elements-25cbd28aba1e5ae3510783dfe7353db2\"><strong>TOUTES LES FORMATIONS<\/strong><\/p>\n\n\n\n<div class=\"wp-block-buttons is-content-justification-center is-layout-flex wp-container-core-buttons-is-layout-a89b3969 wp-block-buttons-is-layout-flex\">\n<div class=\"wp-block-button is-style-outline is-style-outline--1\"><a class=\"wp-block-button__link has-white-color has-text-color has-link-color wp-element-button\" href=\"https:\/\/en-cordes.com\/index.php\/formations-anena\/\">Consulter<\/a><\/div>\n<\/div>\n\n\n\n<p><\/p>\n\n\n\n<p><\/p>\n<\/div><\/div>\n\n\n\n<div style=\"height:100px\" aria-hidden=\"true\" class=\"wp-block-spacer\"><\/div>\n\n\n\n<hr class=\"wp-block-separator has-alpha-channel-opacity is-style-wide\"\/>\n\n\n\n<div class=\"wp-block-cover aligncenter is-light has-small-font-size\" style=\"min-height:150px;aspect-ratio:unset;\"><span aria-hidden=\"true\" class=\"wp-block-cover__background has-background-dim-100 has-background-dim\" style=\"background-color:#d7e5f1\"><\/span><div class=\"wp-block-cover__inner-container is-layout-constrained wp-block-cover-is-layout-constrained\">\n<div class=\"wp-block-columns is-layout-flex wp-container-core-columns-is-layout-28f84493 wp-block-columns-is-layout-flex\">\n<div class=\"wp-block-column is-layout-flow wp-block-column-is-layout-flow\" style=\"flex-basis:33.33%\">\n<figure class=\"wp-block-image aligncenter size-large is-resized\"><img loading=\"lazy\" decoding=\"async\" width=\"683\" height=\"1024\" src=\"https:\/\/en-cordes.com\/wp-content\/uploads\/2025\/10\/WhatsApp-Image-2025-10-01-at-20.12.28-1-683x1024.jpeg\" alt=\"\" class=\"wp-image-1079\" style=\"width:247px;height:auto\" srcset=\"https:\/\/en-cordes.com\/wp-content\/uploads\/2025\/10\/WhatsApp-Image-2025-10-01-at-20.12.28-1-683x1024.jpeg 683w, https:\/\/en-cordes.com\/wp-content\/uploads\/2025\/10\/WhatsApp-Image-2025-10-01-at-20.12.28-1-200x300.jpeg 200w, https:\/\/en-cordes.com\/wp-content\/uploads\/2025\/10\/WhatsApp-Image-2025-10-01-at-20.12.28-1-768x1152.jpeg 768w, https:\/\/en-cordes.com\/wp-content\/uploads\/2025\/10\/WhatsApp-Image-2025-10-01-at-20.12.28-1-1024x1536.jpeg 1024w, https:\/\/en-cordes.com\/wp-content\/uploads\/2025\/10\/WhatsApp-Image-2025-10-01-at-20.12.28-1-1365x2048.jpeg 1365w, https:\/\/en-cordes.com\/wp-content\/uploads\/2025\/10\/WhatsApp-Image-2025-10-01-at-20.12.28-1-scaled.jpeg 1707w\" sizes=\"auto, (max-width: 683px) 100vw, 683px\" \/><\/figure>\n<\/div>\n\n\n\n<div class=\"wp-block-column is-layout-flow wp-block-column-is-layout-flow\" style=\"flex-basis:66.66%\">\n<h2 class=\"wp-block-heading has-text-align-center\">Nacho Olmedo Manich &#8211; Formateur<\/h2>\n\n\n\n<p><\/p>\n\n\n\n<p style=\"font-size:16px\">Guide de Haute Montagne UIAGM<\/p>\n\n\n\n<p style=\"font-size:16px\">Formateur Pratiquants et Pros depuis 2010<\/p>\n\n\n\n<p style=\"font-size:16px\">Observateur Nivo M\u00e9t\u00e9o &#8211; M\u00e9t\u00e9o France\/SNGM, <\/p>\n\n\n\n<p style=\"font-size:16px\">Conf\u00e9rencier:  Gestion de Risques et Prise de D\u00e9cision<\/p>\n\n\n\n<p style=\"font-size:16px\">Form\u00e9 \u00e0 la facilitation de l&rsquo;Intelligence Collective, M\u00e9diation<\/p>\n<\/div>\n<\/div>\n<\/div><\/div>\n","protected":false},"excerpt":{"rendered":"<p>Formation: Faire la trace Introduction \u00ab\u00a0Faire la trace\u00a0\u00bb est une formation faisant partie du programme de formation de l&rsquo;ANENA. Cette formation est destin\u00e9e aux skieurs et snowboardeurs hors piste et randonn\u00e9e voulant maitriser les diff\u00e9rents aspects de la gestion du risque en montagne hivernale de forme autonome. Les participants approfondiront dans la preparation et conduite [&hellip;]<\/p>\n","protected":false},"author":1,"featured_media":0,"parent":0,"menu_order":0,"comment_status":"closed","ping_status":"closed","template":"","meta":{"zakra_sidebar_layout":"customizer","zakra_remove_content_margin":false,"zakra_sidebar":"customizer","zakra_transparent_header":"customizer","zakra_logo":0,"zakra_main_header_style":"default","zakra_menu_item_color":"","zakra_menu_item_hover_color":"","zakra_menu_item_active_color":"","zakra_menu_active_style":"","zakra_page_header":true,"_monsterinsights_skip_tracking":false,"_monsterinsights_sitenote_active":false,"_monsterinsights_sitenote_note":"","_monsterinsights_sitenote_category":0,"_joinchat":[],"footnotes":""},"class_list":["post-893","page","type-page","status-publish","hentry"],"yoast_head":"<!-- This site is optimized with the Yoast SEO plugin v27.0 - https:\/\/yoast.com\/product\/yoast-seo-wordpress\/ -->\n<title>Faire la trace - Nacho Olmedo Manich<\/title>\n<meta name=\"robots\" content=\"index, follow, max-snippet:-1, max-image-preview:large, max-video-preview:-1\" \/>\n<link rel=\"canonical\" href=\"https:\/\/en-cordes.com\/index.php\/faire-la-trace\/\" \/>\n<meta property=\"og:locale\" content=\"fr_FR\" \/>\n<meta property=\"og:type\" content=\"article\" \/>\n<meta property=\"og:title\" content=\"Faire la trace - Nacho Olmedo Manich\" \/>\n<meta property=\"og:description\" content=\"Formation: Faire la trace Introduction \u00ab\u00a0Faire la trace\u00a0\u00bb est une formation faisant partie du programme de formation de l&rsquo;ANENA. Cette formation est destin\u00e9e aux skieurs et snowboardeurs hors piste et randonn\u00e9e voulant maitriser les diff\u00e9rents aspects de la gestion du risque en montagne hivernale de forme autonome. Les participants approfondiront dans la preparation et conduite [&hellip;]\" \/>\n<meta property=\"og:url\" content=\"https:\/\/en-cordes.com\/index.php\/faire-la-trace\/\" \/>\n<meta property=\"og:site_name\" content=\"Nacho Olmedo Manich\" \/>\n<meta property=\"article:modified_time\" content=\"2025-10-02T05:38:26+00:00\" \/>\n<meta property=\"og:image\" content=\"https:\/\/en-cordes.com\/wp-content\/uploads\/2025\/09\/WhatsApp-Image-2025-02-23-at-18.05.29.jpeg\" \/>\n\t<meta property=\"og:image:width\" content=\"1599\" \/>\n\t<meta property=\"og:image:height\" content=\"1200\" \/>\n\t<meta property=\"og:image:type\" content=\"image\/jpeg\" \/>\n<meta name=\"twitter:card\" content=\"summary_large_image\" \/>\n<meta name=\"twitter:label1\" content=\"Dur\u00e9e de lecture estim\u00e9e\" \/>\n\t<meta name=\"twitter:data1\" content=\"2 minutes\" \/>\n<script type=\"application\/ld+json\" class=\"yoast-schema-graph\">{\"@context\":\"https:\/\/schema.org\",\"@graph\":[{\"@type\":\"WebPage\",\"@id\":\"https:\/\/en-cordes.com\/index.php\/faire-la-trace\/\",\"url\":\"https:\/\/en-cordes.com\/index.php\/faire-la-trace\/\",\"name\":\"Faire la trace - Nacho Olmedo Manich\",\"isPartOf\":{\"@id\":\"https:\/\/en-cordes.com\/#website\"},\"primaryImageOfPage\":{\"@id\":\"https:\/\/en-cordes.com\/index.php\/faire-la-trace\/#primaryimage\"},\"image\":{\"@id\":\"https:\/\/en-cordes.com\/index.php\/faire-la-trace\/#primaryimage\"},\"thumbnailUrl\":\"https:\/\/en-cordes.com\/wp-content\/uploads\/2025\/09\/WhatsApp-Image-2025-02-23-at-18.05.29-1024x768.jpeg\",\"datePublished\":\"2023-10-17T15:41:02+00:00\",\"dateModified\":\"2025-10-02T05:38:26+00:00\",\"breadcrumb\":{\"@id\":\"https:\/\/en-cordes.com\/index.php\/faire-la-trace\/#breadcrumb\"},\"inLanguage\":\"fr-FR\",\"potentialAction\":[{\"@type\":\"ReadAction\",\"target\":[\"https:\/\/en-cordes.com\/index.php\/faire-la-trace\/\"]}]},{\"@type\":\"ImageObject\",\"inLanguage\":\"fr-FR\",\"@id\":\"https:\/\/en-cordes.com\/index.php\/faire-la-trace\/#primaryimage\",\"url\":\"https:\/\/en-cordes.com\/wp-content\/uploads\/2025\/09\/WhatsApp-Image-2025-02-23-at-18.05.29.jpeg\",\"contentUrl\":\"https:\/\/en-cordes.com\/wp-content\/uploads\/2025\/09\/WhatsApp-Image-2025-02-23-at-18.05.29.jpeg\",\"width\":1599,\"height\":1200},{\"@type\":\"BreadcrumbList\",\"@id\":\"https:\/\/en-cordes.com\/index.php\/faire-la-trace\/#breadcrumb\",\"itemListElement\":[{\"@type\":\"ListItem\",\"position\":1,\"name\":\"Accueil\",\"item\":\"https:\/\/en-cordes.com\/\"},{\"@type\":\"ListItem\",\"position\":2,\"name\":\"Faire la trace\"}]},{\"@type\":\"WebSite\",\"@id\":\"https:\/\/en-cordes.com\/#website\",\"url\":\"https:\/\/en-cordes.com\/\",\"name\":\"Nacho Olmedo Manich\",\"description\":\"Guide de Haute Montagne UIAGM\",\"publisher\":{\"@id\":\"https:\/\/en-cordes.com\/#organization\"},\"potentialAction\":[{\"@type\":\"SearchAction\",\"target\":{\"@type\":\"EntryPoint\",\"urlTemplate\":\"https:\/\/en-cordes.com\/?s={search_term_string}\"},\"query-input\":{\"@type\":\"PropertyValueSpecification\",\"valueRequired\":true,\"valueName\":\"search_term_string\"}}],\"inLanguage\":\"fr-FR\"},{\"@type\":\"Organization\",\"@id\":\"https:\/\/en-cordes.com\/#organization\",\"name\":\"Nacho Olmedo Manich\",\"url\":\"https:\/\/en-cordes.com\/\",\"logo\":{\"@type\":\"ImageObject\",\"inLanguage\":\"fr-FR\",\"@id\":\"https:\/\/en-cordes.com\/#\/schema\/logo\/image\/\",\"url\":\"https:\/\/en-cordes.com\/wp-content\/uploads\/2021\/09\/cropped-logo_white_2-1.png\",\"contentUrl\":\"https:\/\/en-cordes.com\/wp-content\/uploads\/2021\/09\/cropped-logo_white_2-1.png\",\"width\":1292,\"height\":1061,\"caption\":\"Nacho Olmedo Manich\"},\"image\":{\"@id\":\"https:\/\/en-cordes.com\/#\/schema\/logo\/image\/\"}}]}<\/script>\n<!-- \/ Yoast SEO plugin. -->","yoast_head_json":{"title":"Faire la trace - Nacho Olmedo Manich","robots":{"index":"index","follow":"follow","max-snippet":"max-snippet:-1","max-image-preview":"max-image-preview:large","max-video-preview":"max-video-preview:-1"},"canonical":"https:\/\/en-cordes.com\/index.php\/faire-la-trace\/","og_locale":"fr_FR","og_type":"article","og_title":"Faire la trace - Nacho Olmedo Manich","og_description":"Formation: Faire la trace Introduction \u00ab\u00a0Faire la trace\u00a0\u00bb est une formation faisant partie du programme de formation de l&rsquo;ANENA. Cette formation est destin\u00e9e aux skieurs et snowboardeurs hors piste et randonn\u00e9e voulant maitriser les diff\u00e9rents aspects de la gestion du risque en montagne hivernale de forme autonome. Les participants approfondiront dans la preparation et conduite [&hellip;]","og_url":"https:\/\/en-cordes.com\/index.php\/faire-la-trace\/","og_site_name":"Nacho Olmedo Manich","article_modified_time":"2025-10-02T05:38:26+00:00","og_image":[{"width":1599,"height":1200,"url":"https:\/\/en-cordes.com\/wp-content\/uploads\/2025\/09\/WhatsApp-Image-2025-02-23-at-18.05.29.jpeg","type":"image\/jpeg"}],"twitter_card":"summary_large_image","twitter_misc":{"Dur\u00e9e de lecture estim\u00e9e":"2 minutes"},"schema":{"@context":"https:\/\/schema.org","@graph":[{"@type":"WebPage","@id":"https:\/\/en-cordes.com\/index.php\/faire-la-trace\/","url":"https:\/\/en-cordes.com\/index.php\/faire-la-trace\/","name":"Faire la trace - Nacho Olmedo Manich","isPartOf":{"@id":"https:\/\/en-cordes.com\/#website"},"primaryImageOfPage":{"@id":"https:\/\/en-cordes.com\/index.php\/faire-la-trace\/#primaryimage"},"image":{"@id":"https:\/\/en-cordes.com\/index.php\/faire-la-trace\/#primaryimage"},"thumbnailUrl":"https:\/\/en-cordes.com\/wp-content\/uploads\/2025\/09\/WhatsApp-Image-2025-02-23-at-18.05.29-1024x768.jpeg","datePublished":"2023-10-17T15:41:02+00:00","dateModified":"2025-10-02T05:38:26+00:00","breadcrumb":{"@id":"https:\/\/en-cordes.com\/index.php\/faire-la-trace\/#breadcrumb"},"inLanguage":"fr-FR","potentialAction":[{"@type":"ReadAction","target":["https:\/\/en-cordes.com\/index.php\/faire-la-trace\/"]}]},{"@type":"ImageObject","inLanguage":"fr-FR","@id":"https:\/\/en-cordes.com\/index.php\/faire-la-trace\/#primaryimage","url":"https:\/\/en-cordes.com\/wp-content\/uploads\/2025\/09\/WhatsApp-Image-2025-02-23-at-18.05.29.jpeg","contentUrl":"https:\/\/en-cordes.com\/wp-content\/uploads\/2025\/09\/WhatsApp-Image-2025-02-23-at-18.05.29.jpeg","width":1599,"height":1200},{"@type":"BreadcrumbList","@id":"https:\/\/en-cordes.com\/index.php\/faire-la-trace\/#breadcrumb","itemListElement":[{"@type":"ListItem","position":1,"name":"Accueil","item":"https:\/\/en-cordes.com\/"},{"@type":"ListItem","position":2,"name":"Faire la trace"}]},{"@type":"WebSite","@id":"https:\/\/en-cordes.com\/#website","url":"https:\/\/en-cordes.com\/","name":"Nacho Olmedo Manich","description":"Guide de Haute Montagne UIAGM","publisher":{"@id":"https:\/\/en-cordes.com\/#organization"},"potentialAction":[{"@type":"SearchAction","target":{"@type":"EntryPoint","urlTemplate":"https:\/\/en-cordes.com\/?s={search_term_string}"},"query-input":{"@type":"PropertyValueSpecification","valueRequired":true,"valueName":"search_term_string"}}],"inLanguage":"fr-FR"},{"@type":"Organization","@id":"https:\/\/en-cordes.com\/#organization","name":"Nacho Olmedo Manich","url":"https:\/\/en-cordes.com\/","logo":{"@type":"ImageObject","inLanguage":"fr-FR","@id":"https:\/\/en-cordes.com\/#\/schema\/logo\/image\/","url":"https:\/\/en-cordes.com\/wp-content\/uploads\/2021\/09\/cropped-logo_white_2-1.png","contentUrl":"https:\/\/en-cordes.com\/wp-content\/uploads\/2021\/09\/cropped-logo_white_2-1.png","width":1292,"height":1061,"caption":"Nacho Olmedo Manich"},"image":{"@id":"https:\/\/en-cordes.com\/#\/schema\/logo\/image\/"}}]}},"jetpack_sharing_enabled":true,"_links":{"self":[{"href":"https:\/\/en-cordes.com\/index.php\/wp-json\/wp\/v2\/pages\/893","targetHints":{"allow":["GET"]}}],"collection":[{"href":"https:\/\/en-cordes.com\/index.php\/wp-json\/wp\/v2\/pages"}],"about":[{"href":"https:\/\/en-cordes.com\/index.php\/wp-json\/wp\/v2\/types\/page"}],"author":[{"embeddable":true,"href":"https:\/\/en-cordes.com\/index.php\/wp-json\/wp\/v2\/users\/1"}],"replies":[{"embeddable":true,"href":"https:\/\/en-cordes.com\/index.php\/wp-json\/wp\/v2\/comments?post=893"}],"version-history":[{"count":10,"href":"https:\/\/en-cordes.com\/index.php\/wp-json\/wp\/v2\/pages\/893\/revisions"}],"predecessor-version":[{"id":1101,"href":"https:\/\/en-cordes.com\/index.php\/wp-json\/wp\/v2\/pages\/893\/revisions\/1101"}],"wp:attachment":[{"href":"https:\/\/en-cordes.com\/index.php\/wp-json\/wp\/v2\/media?parent=893"}],"curies":[{"name":"wp","href":"https:\/\/api.w.org\/{rel}","templated":true}]}}