{"id":898,"date":"2023-10-17T17:42:37","date_gmt":"2023-10-17T15:42:37","guid":{"rendered":"https:\/\/en-cordes.com\/?page_id=898"},"modified":"2026-03-24T10:50:14","modified_gmt":"2026-03-24T09:50:14","slug":"formations-anena","status":"publish","type":"page","link":"https:\/\/en-cordes.com\/index.php\/formations-anena\/","title":{"rendered":"Formations ANENA"},"content":{"rendered":"\n<h1 class=\"wp-block-heading has-text-align-center\">Formations Neige &amp; Avalanches <\/h1>\n\n\n\n<div style=\"height:26px\" aria-hidden=\"true\" class=\"wp-block-spacer\"><\/div>\n\n\n\n<div class=\"wp-block-group is-layout-flow wp-block-group-is-layout-flow\">\n<div class=\"wp-block-columns are-vertically-aligned-center is-layout-flex wp-container-core-columns-is-layout-28f84493 wp-block-columns-is-layout-flex\">\n<div class=\"wp-block-column is-layout-flow wp-block-column-is-layout-flow\" style=\"flex-basis:9.4%\">\n<div style=\"height:100px\" aria-hidden=\"true\" class=\"wp-block-spacer\"><\/div>\n<\/div>\n\n\n\n<div class=\"wp-block-column is-vertically-aligned-center is-layout-flow wp-block-column-is-layout-flow\" style=\"flex-basis:40.1%\">\n<h4 class=\"wp-block-heading\">Programme de formation<\/h4>\n\n\n\n<p class=\"has-text-align-left\">Le programme de formation ANENA destin\u00e9 aux pratiquants des activit\u00e9s de neige est compos\u00e9 de deux cycles de formation distincts:<br>&#8211; Formations Gestion du Risque<br>&#8211; Formations Sauvetage et Secours en cas d&rsquo;avalanche<\/p>\n\n\n\n<p><\/p>\n\n\n\n<figure class=\"wp-block-image aligncenter size-full\"><img loading=\"lazy\" decoding=\"async\" width=\"232\" height=\"63\" src=\"https:\/\/en-cordes.com\/wp-content\/uploads\/2025\/10\/logo-anena.png\" alt=\"\" class=\"wp-image-1138\"\/><\/figure>\n<\/div>\n\n\n\n<div class=\"wp-block-column is-vertically-aligned-center is-layout-flow wp-block-column-is-layout-flow\" style=\"flex-basis:38.4%\">\n<figure class=\"wp-block-image aligncenter size-large is-resized\"><img loading=\"lazy\" decoding=\"async\" width=\"576\" height=\"1024\" src=\"https:\/\/en-cordes.com\/wp-content\/uploads\/2023\/10\/DSCF5918-576x1024.jpg\" alt=\"\" class=\"wp-image-880\" style=\"width:204px;height:auto\" srcset=\"https:\/\/en-cordes.com\/wp-content\/uploads\/2023\/10\/DSCF5918-576x1024.jpg 576w, https:\/\/en-cordes.com\/wp-content\/uploads\/2023\/10\/DSCF5918-scaled-600x1067.jpg 600w, https:\/\/en-cordes.com\/wp-content\/uploads\/2023\/10\/DSCF5918-169x300.jpg 169w, https:\/\/en-cordes.com\/wp-content\/uploads\/2023\/10\/DSCF5918-768x1365.jpg 768w, https:\/\/en-cordes.com\/wp-content\/uploads\/2023\/10\/DSCF5918-864x1536.jpg 864w, https:\/\/en-cordes.com\/wp-content\/uploads\/2023\/10\/DSCF5918-1152x2048.jpg 1152w, https:\/\/en-cordes.com\/wp-content\/uploads\/2023\/10\/DSCF5918-scaled.jpg 1440w\" sizes=\"auto, (max-width: 576px) 100vw, 576px\" \/><\/figure>\n<\/div>\n\n\n\n<div class=\"wp-block-column is-layout-flow wp-block-column-is-layout-flow\" style=\"flex-basis:11.1%\">\n<div style=\"height:89px\" aria-hidden=\"true\" class=\"wp-block-spacer\"><\/div>\n<\/div>\n<\/div>\n<\/div>\n\n\n\n<div class=\"wp-block-columns is-layout-flex wp-container-core-columns-is-layout-28f84493 wp-block-columns-is-layout-flex\">\n<div class=\"wp-block-column is-layout-flow wp-block-column-is-layout-flow\" style=\"flex-basis:11.1%\">\n<div style=\"height:100px\" aria-hidden=\"true\" class=\"wp-block-spacer\"><\/div>\n\n\n\n<p><\/p>\n<\/div>\n\n\n\n<div class=\"wp-block-column is-vertically-aligned-center is-layout-flow wp-block-column-is-layout-flow\" style=\"flex-basis:40.1%\">\n<figure class=\"wp-block-image aligncenter size-large\"><img loading=\"lazy\" decoding=\"async\" width=\"1024\" height=\"576\" src=\"https:\/\/en-cordes.com\/wp-content\/uploads\/2023\/10\/DSCF6015-1024x576.jpg\" alt=\"\" class=\"wp-image-883\" srcset=\"https:\/\/en-cordes.com\/wp-content\/uploads\/2023\/10\/DSCF6015-1024x576.jpg 1024w, https:\/\/en-cordes.com\/wp-content\/uploads\/2023\/10\/DSCF6015-scaled-600x338.jpg 600w, https:\/\/en-cordes.com\/wp-content\/uploads\/2023\/10\/DSCF6015-300x169.jpg 300w, https:\/\/en-cordes.com\/wp-content\/uploads\/2023\/10\/DSCF6015-768x432.jpg 768w, https:\/\/en-cordes.com\/wp-content\/uploads\/2023\/10\/DSCF6015-1536x864.jpg 1536w, https:\/\/en-cordes.com\/wp-content\/uploads\/2023\/10\/DSCF6015-2048x1152.jpg 2048w\" sizes=\"auto, (max-width: 1024px) 100vw, 1024px\" \/><\/figure>\n<\/div>\n\n\n\n<div class=\"wp-block-column is-layout-flow wp-block-column-is-layout-flow\" style=\"flex-basis:40.1%\">\n<div style=\"height:27px\" aria-hidden=\"true\" class=\"wp-block-spacer\"><\/div>\n\n\n\n<h4 class=\"wp-block-heading\">Se former \u00e0 la gestion du risque<\/h4>\n\n\n\n<p><\/p>\n\n\n\n<p class=\"has-text-align-left\">&#8211; Session Freeride \/ Session Randonn\u00e9e (1 jour)<br>&#8211; <a href=\"https:\/\/en-cordes.com\/index.php\/comprendre-la-trace\/\" data-type=\"page\" data-id=\"879\">Comprendre la trace<\/a> (2 jours)<br>&#8211; <a href=\"https:\/\/en-cordes.com\/index.php\/faire-la-trace\/\" data-type=\"page\" data-id=\"893\">Faire la trace<\/a> (2 jours)<br>&#8211; <a href=\"https:\/\/en-cordes.com\/index.php\/nivoav\/\" data-type=\"page\" data-id=\"1039\">Nivologie Avanc\u00e9e <\/a>(2,5 jours)<br>&#8211; <a href=\"https:\/\/en-cordes.com\/index.php\/formationgpes\/\" data-type=\"page\" data-id=\"1046\">Groupes: Am\u00e9liorer la prise de d\u00e9cision<\/a> (2 jours)<\/p>\n\n\n\n<p><\/p>\n\n\n\n<p class=\"has-text-align-left\"><\/p>\n\n\n\n<p><\/p>\n<\/div>\n\n\n\n<div class=\"wp-block-column is-layout-flow wp-block-column-is-layout-flow\" style=\"flex-basis:11.1%\">\n<div style=\"height:100px\" aria-hidden=\"true\" class=\"wp-block-spacer\"><\/div>\n<\/div>\n<\/div>\n\n\n\n<div class=\"wp-block-columns is-layout-flex wp-container-core-columns-is-layout-28f84493 wp-block-columns-is-layout-flex\">\n<div class=\"wp-block-column is-layout-flow wp-block-column-is-layout-flow\" style=\"flex-basis:11.1%\">\n<div style=\"height:100px\" aria-hidden=\"true\" class=\"wp-block-spacer\"><\/div>\n\n\n\n<p><\/p>\n<\/div>\n\n\n\n<div class=\"wp-block-column is-layout-flow wp-block-column-is-layout-flow\" style=\"flex-basis:40.1%\">\n<div style=\"height:22px\" aria-hidden=\"true\" class=\"wp-block-spacer\"><\/div>\n\n\n\n<h4 class=\"wp-block-heading\">Se former au secours et sauvetage <\/h4>\n\n\n\n<p>Formation au sauvetage et secours en utilisant le mat\u00e9riel de s\u00e9curit\u00e9. Dur\u00e9e 1 journ\u00e9e<\/p>\n<\/div>\n\n\n\n<div class=\"wp-block-column is-layout-flow wp-block-column-is-layout-flow\" style=\"flex-basis:40.1%\">\n<figure class=\"wp-block-image aligncenter size-large is-style-default\"><img loading=\"lazy\" decoding=\"async\" width=\"1024\" height=\"683\" src=\"https:\/\/en-cordes.com\/wp-content\/uploads\/2022\/09\/0G6A5588-1024x683.jpg\" alt=\"\" class=\"wp-image-798\" srcset=\"https:\/\/en-cordes.com\/wp-content\/uploads\/2022\/09\/0G6A5588-1024x683.jpg 1024w, https:\/\/en-cordes.com\/wp-content\/uploads\/2022\/09\/0G6A5588-scaled-600x400.jpg 600w, https:\/\/en-cordes.com\/wp-content\/uploads\/2022\/09\/0G6A5588-300x200.jpg 300w, https:\/\/en-cordes.com\/wp-content\/uploads\/2022\/09\/0G6A5588-768x512.jpg 768w, https:\/\/en-cordes.com\/wp-content\/uploads\/2022\/09\/0G6A5588-1536x1024.jpg 1536w, https:\/\/en-cordes.com\/wp-content\/uploads\/2022\/09\/0G6A5588-2048x1365.jpg 2048w\" sizes=\"auto, (max-width: 1024px) 100vw, 1024px\" \/><\/figure>\n<\/div>\n\n\n\n<div class=\"wp-block-column is-layout-flow wp-block-column-is-layout-flow\" style=\"flex-basis:11.1%\">\n<div style=\"height:100px\" aria-hidden=\"true\" class=\"wp-block-spacer\"><\/div>\n<\/div>\n<\/div>\n\n\n\n<div style=\"height:100px\" aria-hidden=\"true\" class=\"wp-block-spacer\"><\/div>\n\n\n\n<hr class=\"wp-block-separator has-alpha-channel-opacity is-style-wide\"\/>\n\n\n\n<div class=\"wp-block-cover aligncenter is-light has-small-font-size\" style=\"min-height:150px;aspect-ratio:unset;\"><span aria-hidden=\"true\" class=\"wp-block-cover__background has-background-dim-100 has-background-dim\" style=\"background-color:#d7e5f1\"><\/span><div class=\"wp-block-cover__inner-container is-layout-constrained wp-block-cover-is-layout-constrained\">\n<div class=\"wp-block-columns is-layout-flex wp-container-core-columns-is-layout-28f84493 wp-block-columns-is-layout-flex\">\n<div class=\"wp-block-column is-layout-flow wp-block-column-is-layout-flow\" style=\"flex-basis:33.33%\">\n<figure class=\"wp-block-image aligncenter size-large is-resized\"><img loading=\"lazy\" decoding=\"async\" width=\"683\" height=\"1024\" src=\"https:\/\/en-cordes.com\/wp-content\/uploads\/2026\/03\/2026-02-15_083_NachoxANENA-NivologieAvancee-06175-Copyright-Clement-GARAFFA-683x1024.jpg\" alt=\"\" class=\"wp-image-1152\" style=\"width:247px;height:auto\" srcset=\"https:\/\/en-cordes.com\/wp-content\/uploads\/2026\/03\/2026-02-15_083_NachoxANENA-NivologieAvancee-06175-Copyright-Clement-GARAFFA-683x1024.jpg 683w, https:\/\/en-cordes.com\/wp-content\/uploads\/2026\/03\/2026-02-15_083_NachoxANENA-NivologieAvancee-06175-Copyright-Clement-GARAFFA-200x300.jpg 200w, https:\/\/en-cordes.com\/wp-content\/uploads\/2026\/03\/2026-02-15_083_NachoxANENA-NivologieAvancee-06175-Copyright-Clement-GARAFFA-768x1152.jpg 768w, https:\/\/en-cordes.com\/wp-content\/uploads\/2026\/03\/2026-02-15_083_NachoxANENA-NivologieAvancee-06175-Copyright-Clement-GARAFFA-1024x1536.jpg 1024w, https:\/\/en-cordes.com\/wp-content\/uploads\/2026\/03\/2026-02-15_083_NachoxANENA-NivologieAvancee-06175-Copyright-Clement-GARAFFA-1365x2048.jpg 1365w, https:\/\/en-cordes.com\/wp-content\/uploads\/2026\/03\/2026-02-15_083_NachoxANENA-NivologieAvancee-06175-Copyright-Clement-GARAFFA-scaled.jpg 1707w\" sizes=\"auto, (max-width: 683px) 100vw, 683px\" \/><\/figure>\n<\/div>\n\n\n\n<div class=\"wp-block-column is-layout-flow wp-block-column-is-layout-flow\" style=\"flex-basis:66.66%\">\n<h2 class=\"wp-block-heading has-text-align-center\">Nacho Olmedo Manich &#8211; Formateur<\/h2>\n\n\n\n<p><\/p>\n\n\n\n<p style=\"font-size:16px\">Guide de Haute Montagne UIAGM<\/p>\n\n\n\n<p style=\"font-size:16px\">Formateur Pratiquants et Pros depuis 2010<\/p>\n\n\n\n<p style=\"font-size:16px\">Observateur Nivo M\u00e9t\u00e9o &#8211; M\u00e9t\u00e9o France\/SNGM, <\/p>\n\n\n\n<p style=\"font-size:16px\">Conf\u00e9rencier:  Gestion de Risques et Prise de D\u00e9cision<\/p>\n\n\n\n<p style=\"font-size:16px\">Form\u00e9 \u00e0 la facilitation de l&rsquo;Intelligence Collective, M\u00e9diation<\/p>\n<\/div>\n<\/div>\n<\/div><\/div>\n\n\n\n<p><\/p>\n","protected":false},"excerpt":{"rendered":"<p>Formations Neige &amp; Avalanches Programme de formation Le programme de formation ANENA destin\u00e9 aux pratiquants des activit\u00e9s de neige est compos\u00e9 de deux cycles de formation distincts:&#8211; Formations Gestion du Risque&#8211; Formations Sauvetage et Secours en cas d&rsquo;avalanche Se former \u00e0 la gestion du risque &#8211; Session Freeride \/ Session Randonn\u00e9e (1 jour)&#8211; Comprendre la [&hellip;]<\/p>\n","protected":false},"author":1,"featured_media":0,"parent":0,"menu_order":0,"comment_status":"closed","ping_status":"closed","template":"","meta":{"zakra_sidebar_layout":"customizer","zakra_remove_content_margin":false,"zakra_sidebar":"customizer","zakra_transparent_header":"customizer","zakra_logo":0,"zakra_main_header_style":"default","zakra_menu_item_color":"","zakra_menu_item_hover_color":"","zakra_menu_item_active_color":"","zakra_menu_active_style":"","zakra_page_header":true,"_monsterinsights_skip_tracking":false,"_monsterinsights_sitenote_active":false,"_monsterinsights_sitenote_note":"","_monsterinsights_sitenote_category":0,"_joinchat":[],"footnotes":""},"class_list":["post-898","page","type-page","status-publish","hentry"],"yoast_head":"<!-- This site is optimized with the Yoast SEO plugin v27.0 - https:\/\/yoast.com\/product\/yoast-seo-wordpress\/ -->\n<title>Formations ANENA - Nacho Olmedo Manich<\/title>\n<meta name=\"robots\" content=\"index, follow, max-snippet:-1, max-image-preview:large, max-video-preview:-1\" \/>\n<link rel=\"canonical\" href=\"https:\/\/en-cordes.com\/index.php\/formations-anena\/\" \/>\n<meta property=\"og:locale\" content=\"fr_FR\" \/>\n<meta property=\"og:type\" content=\"article\" \/>\n<meta property=\"og:title\" content=\"Formations ANENA - Nacho Olmedo Manich\" \/>\n<meta property=\"og:description\" content=\"Formations Neige &amp; Avalanches Programme de formation Le programme de formation ANENA destin\u00e9 aux pratiquants des activit\u00e9s de neige est compos\u00e9 de deux cycles de formation distincts:&#8211; Formations Gestion du Risque&#8211; Formations Sauvetage et Secours en cas d&rsquo;avalanche Se former \u00e0 la gestion du risque &#8211; Session Freeride \/ Session Randonn\u00e9e (1 jour)&#8211; Comprendre la [&hellip;]\" \/>\n<meta property=\"og:url\" content=\"https:\/\/en-cordes.com\/index.php\/formations-anena\/\" \/>\n<meta property=\"og:site_name\" content=\"Nacho Olmedo Manich\" \/>\n<meta property=\"article:modified_time\" content=\"2026-03-24T09:50:14+00:00\" \/>\n<meta property=\"og:image\" content=\"https:\/\/en-cordes.com\/wp-content\/uploads\/2025\/10\/logo-anena.png\" \/>\n\t<meta property=\"og:image:width\" content=\"232\" \/>\n\t<meta property=\"og:image:height\" content=\"63\" \/>\n\t<meta property=\"og:image:type\" content=\"image\/png\" \/>\n<meta name=\"twitter:card\" content=\"summary_large_image\" \/>\n<meta name=\"twitter:label1\" content=\"Dur\u00e9e de lecture estim\u00e9e\" \/>\n\t<meta name=\"twitter:data1\" content=\"2 minutes\" \/>\n<script type=\"application\/ld+json\" class=\"yoast-schema-graph\">{\"@context\":\"https:\/\/schema.org\",\"@graph\":[{\"@type\":\"WebPage\",\"@id\":\"https:\/\/en-cordes.com\/index.php\/formations-anena\/\",\"url\":\"https:\/\/en-cordes.com\/index.php\/formations-anena\/\",\"name\":\"Formations ANENA - Nacho Olmedo Manich\",\"isPartOf\":{\"@id\":\"https:\/\/en-cordes.com\/#website\"},\"primaryImageOfPage\":{\"@id\":\"https:\/\/en-cordes.com\/index.php\/formations-anena\/#primaryimage\"},\"image\":{\"@id\":\"https:\/\/en-cordes.com\/index.php\/formations-anena\/#primaryimage\"},\"thumbnailUrl\":\"https:\/\/en-cordes.com\/wp-content\/uploads\/2025\/10\/logo-anena.png\",\"datePublished\":\"2023-10-17T15:42:37+00:00\",\"dateModified\":\"2026-03-24T09:50:14+00:00\",\"breadcrumb\":{\"@id\":\"https:\/\/en-cordes.com\/index.php\/formations-anena\/#breadcrumb\"},\"inLanguage\":\"fr-FR\",\"potentialAction\":[{\"@type\":\"ReadAction\",\"target\":[\"https:\/\/en-cordes.com\/index.php\/formations-anena\/\"]}]},{\"@type\":\"ImageObject\",\"inLanguage\":\"fr-FR\",\"@id\":\"https:\/\/en-cordes.com\/index.php\/formations-anena\/#primaryimage\",\"url\":\"https:\/\/en-cordes.com\/wp-content\/uploads\/2025\/10\/logo-anena.png\",\"contentUrl\":\"https:\/\/en-cordes.com\/wp-content\/uploads\/2025\/10\/logo-anena.png\",\"width\":232,\"height\":63},{\"@type\":\"BreadcrumbList\",\"@id\":\"https:\/\/en-cordes.com\/index.php\/formations-anena\/#breadcrumb\",\"itemListElement\":[{\"@type\":\"ListItem\",\"position\":1,\"name\":\"Accueil\",\"item\":\"https:\/\/en-cordes.com\/\"},{\"@type\":\"ListItem\",\"position\":2,\"name\":\"Formations ANENA\"}]},{\"@type\":\"WebSite\",\"@id\":\"https:\/\/en-cordes.com\/#website\",\"url\":\"https:\/\/en-cordes.com\/\",\"name\":\"Nacho Olmedo Manich\",\"description\":\"Guide de Haute Montagne UIAGM\",\"publisher\":{\"@id\":\"https:\/\/en-cordes.com\/#organization\"},\"potentialAction\":[{\"@type\":\"SearchAction\",\"target\":{\"@type\":\"EntryPoint\",\"urlTemplate\":\"https:\/\/en-cordes.com\/?s={search_term_string}\"},\"query-input\":{\"@type\":\"PropertyValueSpecification\",\"valueRequired\":true,\"valueName\":\"search_term_string\"}}],\"inLanguage\":\"fr-FR\"},{\"@type\":\"Organization\",\"@id\":\"https:\/\/en-cordes.com\/#organization\",\"name\":\"Nacho Olmedo Manich\",\"url\":\"https:\/\/en-cordes.com\/\",\"logo\":{\"@type\":\"ImageObject\",\"inLanguage\":\"fr-FR\",\"@id\":\"https:\/\/en-cordes.com\/#\/schema\/logo\/image\/\",\"url\":\"https:\/\/en-cordes.com\/wp-content\/uploads\/2021\/09\/cropped-logo_white_2-1.png\",\"contentUrl\":\"https:\/\/en-cordes.com\/wp-content\/uploads\/2021\/09\/cropped-logo_white_2-1.png\",\"width\":1292,\"height\":1061,\"caption\":\"Nacho Olmedo Manich\"},\"image\":{\"@id\":\"https:\/\/en-cordes.com\/#\/schema\/logo\/image\/\"}}]}<\/script>\n<!-- \/ Yoast SEO plugin. -->","yoast_head_json":{"title":"Formations ANENA - Nacho Olmedo Manich","robots":{"index":"index","follow":"follow","max-snippet":"max-snippet:-1","max-image-preview":"max-image-preview:large","max-video-preview":"max-video-preview:-1"},"canonical":"https:\/\/en-cordes.com\/index.php\/formations-anena\/","og_locale":"fr_FR","og_type":"article","og_title":"Formations ANENA - Nacho Olmedo Manich","og_description":"Formations Neige &amp; Avalanches Programme de formation Le programme de formation ANENA destin\u00e9 aux pratiquants des activit\u00e9s de neige est compos\u00e9 de deux cycles de formation distincts:&#8211; Formations Gestion du Risque&#8211; Formations Sauvetage et Secours en cas d&rsquo;avalanche Se former \u00e0 la gestion du risque &#8211; Session Freeride \/ Session Randonn\u00e9e (1 jour)&#8211; Comprendre la [&hellip;]","og_url":"https:\/\/en-cordes.com\/index.php\/formations-anena\/","og_site_name":"Nacho Olmedo Manich","article_modified_time":"2026-03-24T09:50:14+00:00","og_image":[{"width":232,"height":63,"url":"https:\/\/en-cordes.com\/wp-content\/uploads\/2025\/10\/logo-anena.png","type":"image\/png"}],"twitter_card":"summary_large_image","twitter_misc":{"Dur\u00e9e de lecture estim\u00e9e":"2 minutes"},"schema":{"@context":"https:\/\/schema.org","@graph":[{"@type":"WebPage","@id":"https:\/\/en-cordes.com\/index.php\/formations-anena\/","url":"https:\/\/en-cordes.com\/index.php\/formations-anena\/","name":"Formations ANENA - Nacho Olmedo Manich","isPartOf":{"@id":"https:\/\/en-cordes.com\/#website"},"primaryImageOfPage":{"@id":"https:\/\/en-cordes.com\/index.php\/formations-anena\/#primaryimage"},"image":{"@id":"https:\/\/en-cordes.com\/index.php\/formations-anena\/#primaryimage"},"thumbnailUrl":"https:\/\/en-cordes.com\/wp-content\/uploads\/2025\/10\/logo-anena.png","datePublished":"2023-10-17T15:42:37+00:00","dateModified":"2026-03-24T09:50:14+00:00","breadcrumb":{"@id":"https:\/\/en-cordes.com\/index.php\/formations-anena\/#breadcrumb"},"inLanguage":"fr-FR","potentialAction":[{"@type":"ReadAction","target":["https:\/\/en-cordes.com\/index.php\/formations-anena\/"]}]},{"@type":"ImageObject","inLanguage":"fr-FR","@id":"https:\/\/en-cordes.com\/index.php\/formations-anena\/#primaryimage","url":"https:\/\/en-cordes.com\/wp-content\/uploads\/2025\/10\/logo-anena.png","contentUrl":"https:\/\/en-cordes.com\/wp-content\/uploads\/2025\/10\/logo-anena.png","width":232,"height":63},{"@type":"BreadcrumbList","@id":"https:\/\/en-cordes.com\/index.php\/formations-anena\/#breadcrumb","itemListElement":[{"@type":"ListItem","position":1,"name":"Accueil","item":"https:\/\/en-cordes.com\/"},{"@type":"ListItem","position":2,"name":"Formations ANENA"}]},{"@type":"WebSite","@id":"https:\/\/en-cordes.com\/#website","url":"https:\/\/en-cordes.com\/","name":"Nacho Olmedo Manich","description":"Guide de Haute Montagne UIAGM","publisher":{"@id":"https:\/\/en-cordes.com\/#organization"},"potentialAction":[{"@type":"SearchAction","target":{"@type":"EntryPoint","urlTemplate":"https:\/\/en-cordes.com\/?s={search_term_string}"},"query-input":{"@type":"PropertyValueSpecification","valueRequired":true,"valueName":"search_term_string"}}],"inLanguage":"fr-FR"},{"@type":"Organization","@id":"https:\/\/en-cordes.com\/#organization","name":"Nacho Olmedo Manich","url":"https:\/\/en-cordes.com\/","logo":{"@type":"ImageObject","inLanguage":"fr-FR","@id":"https:\/\/en-cordes.com\/#\/schema\/logo\/image\/","url":"https:\/\/en-cordes.com\/wp-content\/uploads\/2021\/09\/cropped-logo_white_2-1.png","contentUrl":"https:\/\/en-cordes.com\/wp-content\/uploads\/2021\/09\/cropped-logo_white_2-1.png","width":1292,"height":1061,"caption":"Nacho Olmedo Manich"},"image":{"@id":"https:\/\/en-cordes.com\/#\/schema\/logo\/image\/"}}]}},"jetpack_sharing_enabled":true,"_links":{"self":[{"href":"https:\/\/en-cordes.com\/index.php\/wp-json\/wp\/v2\/pages\/898","targetHints":{"allow":["GET"]}}],"collection":[{"href":"https:\/\/en-cordes.com\/index.php\/wp-json\/wp\/v2\/pages"}],"about":[{"href":"https:\/\/en-cordes.com\/index.php\/wp-json\/wp\/v2\/types\/page"}],"author":[{"embeddable":true,"href":"https:\/\/en-cordes.com\/index.php\/wp-json\/wp\/v2\/users\/1"}],"replies":[{"embeddable":true,"href":"https:\/\/en-cordes.com\/index.php\/wp-json\/wp\/v2\/comments?post=898"}],"version-history":[{"count":19,"href":"https:\/\/en-cordes.com\/index.php\/wp-json\/wp\/v2\/pages\/898\/revisions"}],"predecessor-version":[{"id":1153,"href":"https:\/\/en-cordes.com\/index.php\/wp-json\/wp\/v2\/pages\/898\/revisions\/1153"}],"wp:attachment":[{"href":"https:\/\/en-cordes.com\/index.php\/wp-json\/wp\/v2\/media?parent=898"}],"curies":[{"name":"wp","href":"https:\/\/api.w.org\/{rel}","templated":true}]}}